{"id":1157,"date":"2023-10-03T14:50:48","date_gmt":"2023-10-03T14:50:48","guid":{"rendered":"https:\/\/web4.rkinformatika.net\/cristinasantiagocentroestetico\/?page_id=1157"},"modified":"2025-12-11T10:11:15","modified_gmt":"2025-12-11T10:11:15","slug":"vitamina-c","status":"publish","type":"page","link":"https:\/\/cristinasantiagocentroestetico.es\/eu\/vitamina-c\/","title":{"rendered":"Vitamina C"},"content":{"rendered":"<div data-elementor-type=\"wp-page\" data-elementor-id=\"1157\" class=\"elementor elementor-1157\" data-elementor-post-type=\"page\">\n\t\t\t\t<div class=\"elementor-element elementor-element-4dea341 e-flex e-con-boxed e-con e-parent\" data-id=\"4dea341\" data-element_type=\"container\" data-e-type=\"container\">\n\t\t\t\t\t<div class=\"e-con-inner\">\n\t\t\t\t<div class=\"elementor-element elementor-element-e33b4e7 elementor-widget elementor-widget-heading\" data-id=\"e33b4e7\" data-element_type=\"widget\" data-e-type=\"widget\" data-widget_type=\"heading.default\">\n\t\t\t\t<div class=\"elementor-widget-container\">\n\t\t\t\t\t<h1 class=\"elementor-heading-title elementor-size-default\">Tratamientos Faciales con Vitamina C: Piel Luminosa y Rejuvenecida<\/h1>\t\t\t\t<\/div>\n\t\t\t\t<\/div>\n\t\t\t\t\t<\/div>\n\t\t\t\t<\/div>\n\t\t<div class=\"elementor-element elementor-element-98e6707 e-flex e-con-boxed e-con e-parent\" data-id=\"98e6707\" data-element_type=\"container\" data-e-type=\"container\">\n\t\t\t\t\t<div class=\"e-con-inner\">\n\t\t\t\t<div class=\"elementor-element elementor-element-6fd0fd7 elementor-widget__width-initial elementor-widget elementor-widget-text-editor\" data-id=\"6fd0fd7\" data-element_type=\"widget\" data-e-type=\"widget\" data-widget_type=\"text-editor.default\">\n\t\t\t\t<div class=\"elementor-widget-container\">\n\t\t\t\t\t\t\t\t\t<p data-start=\"264\" data-end=\"517\">La <strong data-start=\"267\" data-end=\"281\">Vitamina C<\/strong> es uno de los activos m\u00e1s potentes y completos en el cuidado facial. Su principal beneficio es <strong data-start=\"377\" data-end=\"397\">iluminar la piel<\/strong>, unificando el tono y devolviendo la frescura perdida por el paso del tiempo, la exposici\u00f3n solar o la contaminaci\u00f3n.<\/p><p data-start=\"519\" data-end=\"780\">Adem\u00e1s, la Vitamina C act\u00faa como <strong data-start=\"552\" data-end=\"568\">antioxidante<\/strong>, protegiendo la piel frente a los radicales libres que aceleran el envejecimiento cut\u00e1neo. Favorece la <strong data-start=\"672\" data-end=\"698\">producci\u00f3n de col\u00e1geno<\/strong>, lo que mejora la firmeza, reduce peque\u00f1as arrugas y aporta densidad al rostro.<\/p><p data-start=\"782\" data-end=\"1104\">Los tratamientos con Vitamina C dejan la piel <strong data-start=\"828\" data-end=\"866\">hidratada, luminosa y revitalizada<\/strong>, convirti\u00e9ndola en la elecci\u00f3n ideal para quienes buscan prevenir el envejecimiento y potenciar la salud de su rostro. Pueden aplicarse solos o combinarse con otros tratamientos faciales profesionales para <strong data-start=\"1073\" data-end=\"1101\">maximizar los resultados<\/strong>.<\/p>\t\t\t\t\t\t\t\t<\/div>\n\t\t\t\t<\/div>\n\t\t\t\t\t<\/div>\n\t\t\t\t<\/div>\n\t\t<div class=\"elementor-element elementor-element-cb58440 e-flex e-con-boxed e-con e-parent\" data-id=\"cb58440\" data-element_type=\"container\" data-e-type=\"container\">\n\t\t\t\t\t<div class=\"e-con-inner\">\n\t\t\t\t<div class=\"elementor-element elementor-element-d22511f elementor-widget-divider--view-line elementor-widget elementor-widget-divider\" data-id=\"d22511f\" data-element_type=\"widget\" data-e-type=\"widget\" data-widget_type=\"divider.default\">\n\t\t\t\t<div class=\"elementor-widget-container\">\n\t\t\t\t\t\t\t<div class=\"elementor-divider\">\n\t\t\t<span class=\"elementor-divider-separator\">\n\t\t\t\t\t\t<\/span>\n\t\t<\/div>\n\t\t\t\t\t\t<\/div>\n\t\t\t\t<\/div>\n\t\t\t\t\t<\/div>\n\t\t\t\t<\/div>\n\t\t<div class=\"elementor-element elementor-element-6dacdda e-flex e-con-boxed elementor-invisible e-con e-parent\" data-id=\"6dacdda\" data-element_type=\"container\" data-e-type=\"container\" data-settings=\"{&quot;animation&quot;:&quot;fadeInUp&quot;}\">\n\t\t\t\t\t<div class=\"e-con-inner\">\n\t\t<div class=\"elementor-element elementor-element-c740f3d e-con-full e-flex e-con e-child\" data-id=\"c740f3d\" data-element_type=\"container\" data-e-type=\"container\">\n\t\t\t\t<\/div>\n\t\t\t\t\t<\/div>\n\t\t\t\t<\/div>\n\t\t<div class=\"elementor-element elementor-element-4e7cc08 e-flex e-con-boxed e-con e-parent\" data-id=\"4e7cc08\" data-element_type=\"container\" data-e-type=\"container\">\n\t\t\t\t\t<div class=\"e-con-inner\">\n\t\t<div class=\"elementor-element elementor-element-ecc8459 e-con-full e-flex e-con e-child\" data-id=\"ecc8459\" data-element_type=\"container\" data-e-type=\"container\">\n\t\t\t\t<div class=\"elementor-element elementor-element-5da0c7c elementor-widget elementor-widget-image\" data-id=\"5da0c7c\" data-element_type=\"widget\" data-e-type=\"widget\" data-widget_type=\"image.default\">\n\t\t\t\t<div class=\"elementor-widget-container\">\n\t\t\t\t\t\t\t\t\t\t\t\t\t\t\t<img fetchpriority=\"high\" decoding=\"async\" width=\"800\" height=\"450\" src=\"https:\/\/cristinasantiagocentroestetico.es\/wp-content\/uploads\/2023\/12\/IMG_20170518_104345-1024x576.jpg\" class=\"attachment-large size-large wp-image-2836\" alt=\"\" srcset=\"https:\/\/cristinasantiagocentroestetico.es\/wp-content\/uploads\/2023\/12\/IMG_20170518_104345-1024x576.jpg 1024w, https:\/\/cristinasantiagocentroestetico.es\/wp-content\/uploads\/2023\/12\/IMG_20170518_104345-scaled-600x338.jpg 600w, https:\/\/cristinasantiagocentroestetico.es\/wp-content\/uploads\/2023\/12\/IMG_20170518_104345-300x169.jpg 300w, https:\/\/cristinasantiagocentroestetico.es\/wp-content\/uploads\/2023\/12\/IMG_20170518_104345-768x432.jpg 768w, https:\/\/cristinasantiagocentroestetico.es\/wp-content\/uploads\/2023\/12\/IMG_20170518_104345-1536x864.jpg 1536w, https:\/\/cristinasantiagocentroestetico.es\/wp-content\/uploads\/2023\/12\/IMG_20170518_104345-2048x1152.jpg 2048w, https:\/\/cristinasantiagocentroestetico.es\/wp-content\/uploads\/2023\/12\/IMG_20170518_104345-18x10.jpg 18w\" sizes=\"(max-width: 800px) 100vw, 800px\" \/>\t\t\t\t\t\t\t\t\t\t\t\t\t\t\t<\/div>\n\t\t\t\t<\/div>\n\t\t\t\t<\/div>\n\t\t<div class=\"elementor-element elementor-element-5998ed5 e-con-full e-flex e-con e-child\" data-id=\"5998ed5\" data-element_type=\"container\" data-e-type=\"container\">\n\t\t\t\t<div class=\"elementor-element elementor-element-b32b0b2 elementor-widget elementor-widget-image\" data-id=\"b32b0b2\" data-element_type=\"widget\" data-e-type=\"widget\" data-widget_type=\"image.default\">\n\t\t\t\t<div class=\"elementor-widget-container\">\n\t\t\t\t\t\t\t\t\t\t\t\t\t\t\t<img decoding=\"async\" width=\"800\" height=\"450\" src=\"https:\/\/cristinasantiagocentroestetico.es\/wp-content\/uploads\/2023\/12\/IMG_20170518_104313-1024x576.jpg\" class=\"attachment-large size-large wp-image-2837\" alt=\"\" srcset=\"https:\/\/cristinasantiagocentroestetico.es\/wp-content\/uploads\/2023\/12\/IMG_20170518_104313-1024x576.jpg 1024w, https:\/\/cristinasantiagocentroestetico.es\/wp-content\/uploads\/2023\/12\/IMG_20170518_104313-scaled-600x338.jpg 600w, https:\/\/cristinasantiagocentroestetico.es\/wp-content\/uploads\/2023\/12\/IMG_20170518_104313-300x169.jpg 300w, https:\/\/cristinasantiagocentroestetico.es\/wp-content\/uploads\/2023\/12\/IMG_20170518_104313-768x432.jpg 768w, https:\/\/cristinasantiagocentroestetico.es\/wp-content\/uploads\/2023\/12\/IMG_20170518_104313-1536x864.jpg 1536w, https:\/\/cristinasantiagocentroestetico.es\/wp-content\/uploads\/2023\/12\/IMG_20170518_104313-2048x1152.jpg 2048w, https:\/\/cristinasantiagocentroestetico.es\/wp-content\/uploads\/2023\/12\/IMG_20170518_104313-18x10.jpg 18w\" sizes=\"(max-width: 800px) 100vw, 800px\" \/>\t\t\t\t\t\t\t\t\t\t\t\t\t\t\t<\/div>\n\t\t\t\t<\/div>\n\t\t\t\t<\/div>\n\t\t<div class=\"elementor-element elementor-element-b6e3a63 e-con-full e-flex e-con e-child\" data-id=\"b6e3a63\" data-element_type=\"container\" data-e-type=\"container\">\n\t\t\t\t<div class=\"elementor-element elementor-element-10762e9 elementor-widget elementor-widget-image\" data-id=\"10762e9\" data-element_type=\"widget\" data-e-type=\"widget\" data-widget_type=\"image.default\">\n\t\t\t\t<div class=\"elementor-widget-container\">\n\t\t\t\t\t\t\t\t\t\t\t\t\t\t\t<img decoding=\"async\" width=\"800\" height=\"450\" src=\"https:\/\/cristinasantiagocentroestetico.es\/wp-content\/uploads\/2023\/12\/IMG_20170509_124541-1024x576.jpg\" class=\"attachment-large size-large wp-image-2838\" alt=\"\" srcset=\"https:\/\/cristinasantiagocentroestetico.es\/wp-content\/uploads\/2023\/12\/IMG_20170509_124541-1024x576.jpg 1024w, https:\/\/cristinasantiagocentroestetico.es\/wp-content\/uploads\/2023\/12\/IMG_20170509_124541-scaled-600x338.jpg 600w, https:\/\/cristinasantiagocentroestetico.es\/wp-content\/uploads\/2023\/12\/IMG_20170509_124541-300x169.jpg 300w, https:\/\/cristinasantiagocentroestetico.es\/wp-content\/uploads\/2023\/12\/IMG_20170509_124541-768x432.jpg 768w, https:\/\/cristinasantiagocentroestetico.es\/wp-content\/uploads\/2023\/12\/IMG_20170509_124541-1536x864.jpg 1536w, https:\/\/cristinasantiagocentroestetico.es\/wp-content\/uploads\/2023\/12\/IMG_20170509_124541-2048x1152.jpg 2048w, https:\/\/cristinasantiagocentroestetico.es\/wp-content\/uploads\/2023\/12\/IMG_20170509_124541-18x10.jpg 18w\" sizes=\"(max-width: 800px) 100vw, 800px\" \/>\t\t\t\t\t\t\t\t\t\t\t\t\t\t\t<\/div>\n\t\t\t\t<\/div>\n\t\t\t\t<\/div>\n\t\t\t\t\t<\/div>\n\t\t\t\t<\/div>\n\t\t<div class=\"elementor-element elementor-element-a35d892 e-flex e-con-boxed e-con e-parent\" data-id=\"a35d892\" data-element_type=\"container\" data-e-type=\"container\">\n\t\t\t\t\t<div class=\"e-con-inner\">\n\t\t<div class=\"elementor-element elementor-element-a907448 e-con-full e-flex e-con e-child\" data-id=\"a907448\" data-element_type=\"container\" data-e-type=\"container\">\n\t\t\t\t<div class=\"elementor-element elementor-element-30cac76 elementor-widget elementor-widget-heading\" data-id=\"30cac76\" data-element_type=\"widget\" data-e-type=\"widget\" data-widget_type=\"heading.default\">\n\t\t\t\t<div class=\"elementor-widget-container\">\n\t\t\t\t\t<h2 class=\"elementor-heading-title elementor-size-default\">Porque tu piel es \u00fanica<\/h2>\t\t\t\t<\/div>\n\t\t\t\t<\/div>\n\t\t\t\t<div class=\"elementor-element elementor-element-adb4066 elementor-widget elementor-widget-text-editor\" data-id=\"adb4066\" data-element_type=\"widget\" data-e-type=\"widget\" data-widget_type=\"text-editor.default\">\n\t\t\t\t<div class=\"elementor-widget-container\">\n\t\t\t\t\t\t\t\t\t<p style=\"text-align: center;\">Antes de realizar un tratamiento, realizamos un diagnostico exhaustivo, de las necesidades de tu piel. Y as\u00ed dise\u00f1ar una experiencia completamente adaptada a ti.<\/p><p style=\"text-align: center;\"><span style=\"font-size: 1rem;\">Precio diagn\u00f3stico 20\u20ac &#8211; Se descuenta del precio del servicio finalmente escogido:\u00a0<\/span><\/p><p style=\"text-align: center;\"><i>Radiofrecuencia &#8211; Vitamina C &#8211; Ox\u00edgeno &#8211; Hialur\u00f3nico &#8211; Despigmentante &#8211; Foto rejuvenecimiento &#8211; Foto acn\u00e9 &#8211; Acidos &#8211; Contorno &#8211; Dermapen &#8211; Cuello y escote, etc&#8230;<\/i><\/p>\t\t\t\t\t\t\t\t<\/div>\n\t\t\t\t<\/div>\n\t\t\t\t<div class=\"elementor-element elementor-element-bef00a4 elementor-add-to-cart--align-center elementor-widget elementor-widget-wc-add-to-cart\" data-id=\"bef00a4\" data-element_type=\"widget\" data-e-type=\"widget\" data-widget_type=\"wc-add-to-cart.default\">\n\t\t\t\t<div class=\"elementor-widget-container\">\n\t\t\t\t\t\t\t\t\t<div class=\"elementor-button-wrapper\">\n\t\t\t\t\t<a rel=\"nofollow\" href=\"\/eu\/vitamina-c\/?add-to-cart=4467\" data-quantity=\"1\" data-product_id=\"4467\" class=\"product_type_simple add_to_cart_button ajax_add_to_cart elementor-button elementor-size-md\" role=\"button\">\n\t\t\t\t\t\t<span class=\"elementor-button-content-wrapper\">\n\t\t\t\t\t\t<span class=\"elementor-button-icon\">\n\t\t\t\t<svg aria-hidden=\"true\" class=\"e-font-icon-svg e-fas-shopping-cart\" viewbox=\"0 0 576 512\" xmlns=\"http:\/\/www.w3.org\/2000\/svg\"><path d=\"M528.12 301.319l47.273-208C578.806 78.301 567.391 64 551.99 64H159.208l-9.166-44.81C147.758 8.021 137.93 0 126.529 0H24C10.745 0 0 10.745 0 24v16c0 13.255 10.745 24 24 24h69.883l70.248 343.435C147.325 417.1 136 435.222 136 456c0 30.928 25.072 56 56 56s56-25.072 56-56c0-15.674-6.447-29.835-16.824-40h209.647C430.447 426.165 424 440.326 424 456c0 30.928 25.072 56 56 56s56-25.072 56-56c0-22.172-12.888-41.332-31.579-50.405l5.517-24.276c3.413-15.018-8.002-29.319-23.403-29.319H218.117l-6.545-32h293.145c11.206 0 20.92-7.754 23.403-18.681z\"><\/path><\/svg>\t\t\t<\/span>\n\t\t\t\t\t\t\t\t\t<span class=\"elementor-button-text\">Comprar diagn\u00f3stico<\/span>\n\t\t\t\t\t<\/span>\n\t\t\t\t\t<\/a>\n\t\t\t\t<\/div>\n\t\t\t\t\t\t\t\t<\/div>\n\t\t\t\t<\/div>\n\t\t\t\t<\/div>\n\t\t\t\t\t<\/div>\n\t\t\t\t<\/div>\n\t\t\t\t<\/div>","protected":false},"excerpt":{"rendered":"<p>Tratamientos Faciales con Vitamina C: Piel Luminosa y Rejuvenecida La Vitamina C es uno de los activos m\u00e1s potentes y completos en el cuidado facial. Su principal beneficio es iluminar la piel, unificando el tono y devolviendo la frescura perdida por el paso del tiempo, la exposici\u00f3n solar o la contaminaci\u00f3n. Adem\u00e1s, la Vitamina C [&hellip;]<\/p>\n","protected":false},"author":1,"featured_media":38,"parent":0,"menu_order":0,"comment_status":"closed","ping_status":"closed","template":"elementor_canvas","meta":{"footnotes":""},"class_list":["post-1157","page","type-page","status-publish","has-post-thumbnail","hentry"],"yoast_head":"<!-- This site is optimized with the Yoast SEO plugin v27.4 - https:\/\/yoast.com\/product\/yoast-seo-wordpress\/ -->\n<title>Vitamina C - cristina santiago centro estetico<\/title>\n<meta name=\"robots\" content=\"index, follow, max-snippet:-1, max-image-preview:large, max-video-preview:-1\" \/>\n<link rel=\"canonical\" href=\"https:\/\/cristinasantiagocentroestetico.es\/eu\/vitamina-c\/\" \/>\n<meta property=\"og:locale\" content=\"en_US\" \/>\n<meta property=\"og:type\" content=\"article\" \/>\n<meta property=\"og:title\" content=\"Vitamina C - cristina santiago centro estetico\" \/>\n<meta property=\"og:description\" content=\"Tratamientos Faciales con Vitamina C: Piel Luminosa y Rejuvenecida La Vitamina C es uno de los activos m\u00e1s potentes y completos en el cuidado facial. Su principal beneficio es iluminar la piel, unificando el tono y devolviendo la frescura perdida por el paso del tiempo, la exposici\u00f3n solar o la contaminaci\u00f3n. Adem\u00e1s, la Vitamina C [&hellip;]\" \/>\n<meta property=\"og:url\" content=\"https:\/\/cristinasantiagocentroestetico.es\/eu\/vitamina-c\/\" \/>\n<meta property=\"og:site_name\" content=\"cristina santiago centro estetico\" \/>\n<meta property=\"article:modified_time\" content=\"2025-12-11T10:11:15+00:00\" \/>\n<meta property=\"og:image\" content=\"https:\/\/cristinasantiagocentroestetico.es\/wp-content\/uploads\/2023\/09\/Captura-desde-2023-09-26-16-42-17.png\" \/>\n\t<meta property=\"og:image:width\" content=\"197\" \/>\n\t<meta property=\"og:image:height\" content=\"177\" \/>\n\t<meta property=\"og:image:type\" content=\"image\/png\" \/>\n<meta name=\"twitter:card\" content=\"summary_large_image\" \/>\n<meta name=\"twitter:label1\" content=\"Est. reading time\" \/>\n\t<meta name=\"twitter:data1\" content=\"2 minutua\" \/>\n<script type=\"application\/ld+json\" class=\"yoast-schema-graph\">{\"@context\":\"https:\\\/\\\/schema.org\",\"@graph\":[{\"@type\":\"WebPage\",\"@id\":\"https:\\\/\\\/cristinasantiagocentroestetico.es\\\/vitamina-c\\\/\",\"url\":\"https:\\\/\\\/cristinasantiagocentroestetico.es\\\/vitamina-c\\\/\",\"name\":\"Vitamina C - cristina santiago centro estetico\",\"isPartOf\":{\"@id\":\"https:\\\/\\\/cristinasantiagocentroestetico.es\\\/#website\"},\"primaryImageOfPage\":{\"@id\":\"https:\\\/\\\/cristinasantiagocentroestetico.es\\\/vitamina-c\\\/#primaryimage\"},\"image\":{\"@id\":\"https:\\\/\\\/cristinasantiagocentroestetico.es\\\/vitamina-c\\\/#primaryimage\"},\"thumbnailUrl\":\"https:\\\/\\\/cristinasantiagocentroestetico.es\\\/wp-content\\\/uploads\\\/2023\\\/09\\\/Captura-desde-2023-09-26-16-42-17.png\",\"datePublished\":\"2023-10-03T14:50:48+00:00\",\"dateModified\":\"2025-12-11T10:11:15+00:00\",\"breadcrumb\":{\"@id\":\"https:\\\/\\\/cristinasantiagocentroestetico.es\\\/vitamina-c\\\/#breadcrumb\"},\"inLanguage\":\"eu\",\"potentialAction\":[{\"@type\":\"ReadAction\",\"target\":[\"https:\\\/\\\/cristinasantiagocentroestetico.es\\\/vitamina-c\\\/\"]}]},{\"@type\":\"ImageObject\",\"inLanguage\":\"eu\",\"@id\":\"https:\\\/\\\/cristinasantiagocentroestetico.es\\\/vitamina-c\\\/#primaryimage\",\"url\":\"https:\\\/\\\/cristinasantiagocentroestetico.es\\\/wp-content\\\/uploads\\\/2023\\\/09\\\/Captura-desde-2023-09-26-16-42-17.png\",\"contentUrl\":\"https:\\\/\\\/cristinasantiagocentroestetico.es\\\/wp-content\\\/uploads\\\/2023\\\/09\\\/Captura-desde-2023-09-26-16-42-17.png\",\"width\":197,\"height\":177},{\"@type\":\"BreadcrumbList\",\"@id\":\"https:\\\/\\\/cristinasantiagocentroestetico.es\\\/vitamina-c\\\/#breadcrumb\",\"itemListElement\":[{\"@type\":\"ListItem\",\"position\":1,\"name\":\"Portada\",\"item\":\"https:\\\/\\\/cristinasantiagocentroestetico.es\\\/\"},{\"@type\":\"ListItem\",\"position\":2,\"name\":\"Vitamina C\"}]},{\"@type\":\"WebSite\",\"@id\":\"https:\\\/\\\/cristinasantiagocentroestetico.es\\\/#website\",\"url\":\"https:\\\/\\\/cristinasantiagocentroestetico.es\\\/\",\"name\":\"cristina santiago centro estetico\",\"description\":\"Tratamientos de belleza en Bilbao\",\"potentialAction\":[{\"@type\":\"SearchAction\",\"target\":{\"@type\":\"EntryPoint\",\"urlTemplate\":\"https:\\\/\\\/cristinasantiagocentroestetico.es\\\/?s={search_term_string}\"},\"query-input\":{\"@type\":\"PropertyValueSpecification\",\"valueRequired\":true,\"valueName\":\"search_term_string\"}}],\"inLanguage\":\"eu\"}]}<\/script>\n<!-- \/ Yoast SEO plugin. -->","yoast_head_json":{"title":"Vitamina C - cristina santiago centro estetico","robots":{"index":"index","follow":"follow","max-snippet":"max-snippet:-1","max-image-preview":"max-image-preview:large","max-video-preview":"max-video-preview:-1"},"canonical":"https:\/\/cristinasantiagocentroestetico.es\/eu\/vitamina-c\/","og_locale":"en_US","og_type":"article","og_title":"Vitamina C - cristina santiago centro estetico","og_description":"Tratamientos Faciales con Vitamina C: Piel Luminosa y Rejuvenecida La Vitamina C es uno de los activos m\u00e1s potentes y completos en el cuidado facial. Su principal beneficio es iluminar la piel, unificando el tono y devolviendo la frescura perdida por el paso del tiempo, la exposici\u00f3n solar o la contaminaci\u00f3n. Adem\u00e1s, la Vitamina C [&hellip;]","og_url":"https:\/\/cristinasantiagocentroestetico.es\/eu\/vitamina-c\/","og_site_name":"cristina santiago centro estetico","article_modified_time":"2025-12-11T10:11:15+00:00","og_image":[{"width":197,"height":177,"url":"https:\/\/cristinasantiagocentroestetico.es\/wp-content\/uploads\/2023\/09\/Captura-desde-2023-09-26-16-42-17.png","type":"image\/png"}],"twitter_card":"summary_large_image","twitter_misc":{"Est. reading time":"2 minutua"},"schema":{"@context":"https:\/\/schema.org","@graph":[{"@type":"WebPage","@id":"https:\/\/cristinasantiagocentroestetico.es\/vitamina-c\/","url":"https:\/\/cristinasantiagocentroestetico.es\/vitamina-c\/","name":"Vitamina C - cristina santiago centro estetico","isPartOf":{"@id":"https:\/\/cristinasantiagocentroestetico.es\/#website"},"primaryImageOfPage":{"@id":"https:\/\/cristinasantiagocentroestetico.es\/vitamina-c\/#primaryimage"},"image":{"@id":"https:\/\/cristinasantiagocentroestetico.es\/vitamina-c\/#primaryimage"},"thumbnailUrl":"https:\/\/cristinasantiagocentroestetico.es\/wp-content\/uploads\/2023\/09\/Captura-desde-2023-09-26-16-42-17.png","datePublished":"2023-10-03T14:50:48+00:00","dateModified":"2025-12-11T10:11:15+00:00","breadcrumb":{"@id":"https:\/\/cristinasantiagocentroestetico.es\/vitamina-c\/#breadcrumb"},"inLanguage":"eu","potentialAction":[{"@type":"ReadAction","target":["https:\/\/cristinasantiagocentroestetico.es\/vitamina-c\/"]}]},{"@type":"ImageObject","inLanguage":"eu","@id":"https:\/\/cristinasantiagocentroestetico.es\/vitamina-c\/#primaryimage","url":"https:\/\/cristinasantiagocentroestetico.es\/wp-content\/uploads\/2023\/09\/Captura-desde-2023-09-26-16-42-17.png","contentUrl":"https:\/\/cristinasantiagocentroestetico.es\/wp-content\/uploads\/2023\/09\/Captura-desde-2023-09-26-16-42-17.png","width":197,"height":177},{"@type":"BreadcrumbList","@id":"https:\/\/cristinasantiagocentroestetico.es\/vitamina-c\/#breadcrumb","itemListElement":[{"@type":"ListItem","position":1,"name":"Portada","item":"https:\/\/cristinasantiagocentroestetico.es\/"},{"@type":"ListItem","position":2,"name":"Vitamina C"}]},{"@type":"WebSite","@id":"https:\/\/cristinasantiagocentroestetico.es\/#website","url":"https:\/\/cristinasantiagocentroestetico.es\/","name":"cristina santiago centro estetico","description":"Tratamientos de belleza en Bilbao","potentialAction":[{"@type":"SearchAction","target":{"@type":"EntryPoint","urlTemplate":"https:\/\/cristinasantiagocentroestetico.es\/?s={search_term_string}"},"query-input":{"@type":"PropertyValueSpecification","valueRequired":true,"valueName":"search_term_string"}}],"inLanguage":"eu"}]}},"jetpack_sharing_enabled":true,"_links":{"self":[{"href":"https:\/\/cristinasantiagocentroestetico.es\/eu\/wp-json\/wp\/v2\/pages\/1157","targetHints":{"allow":["GET"]}}],"collection":[{"href":"https:\/\/cristinasantiagocentroestetico.es\/eu\/wp-json\/wp\/v2\/pages"}],"about":[{"href":"https:\/\/cristinasantiagocentroestetico.es\/eu\/wp-json\/wp\/v2\/types\/page"}],"author":[{"embeddable":true,"href":"https:\/\/cristinasantiagocentroestetico.es\/eu\/wp-json\/wp\/v2\/users\/1"}],"replies":[{"embeddable":true,"href":"https:\/\/cristinasantiagocentroestetico.es\/eu\/wp-json\/wp\/v2\/comments?post=1157"}],"version-history":[{"count":55,"href":"https:\/\/cristinasantiagocentroestetico.es\/eu\/wp-json\/wp\/v2\/pages\/1157\/revisions"}],"predecessor-version":[{"id":4867,"href":"https:\/\/cristinasantiagocentroestetico.es\/eu\/wp-json\/wp\/v2\/pages\/1157\/revisions\/4867"}],"wp:featuredmedia":[{"embeddable":true,"href":"https:\/\/cristinasantiagocentroestetico.es\/eu\/wp-json\/wp\/v2\/media\/38"}],"wp:attachment":[{"href":"https:\/\/cristinasantiagocentroestetico.es\/eu\/wp-json\/wp\/v2\/media?parent=1157"}],"curies":[{"name":"wp","href":"https:\/\/api.w.org\/{rel}","templated":true}]}}