{"id":2712,"date":"2023-12-17T16:33:22","date_gmt":"2023-12-17T16:33:22","guid":{"rendered":"https:\/\/cristinasantiagocentroestetico.es\/?page_id=2712"},"modified":"2023-12-28T11:02:35","modified_gmt":"2023-12-28T11:02:35","slug":"fotodepilacion-copy","status":"publish","type":"page","link":"https:\/\/cristinasantiagocentroestetico.es\/eu\/fotodepilacion-copy\/","title":{"rendered":"Fotodepilacion"},"content":{"rendered":"<div data-elementor-type=\"wp-page\" data-elementor-id=\"2712\" class=\"elementor elementor-2712\" data-elementor-post-type=\"page\">\n\t\t\t\t\t\t<section class=\"elementor-section elementor-top-section elementor-element elementor-element-b89239a elementor-section-boxed elementor-section-height-default elementor-section-height-default\" data-id=\"b89239a\" data-element_type=\"section\" data-e-type=\"section\" data-settings=\"{&quot;background_background&quot;:&quot;classic&quot;}\">\n\t\t\t\t\t\t\t<div class=\"elementor-background-overlay\"><\/div>\n\t\t\t\t\t\t\t<div class=\"elementor-container elementor-column-gap-default\">\n\t\t\t\t\t<div class=\"elementor-column elementor-col-100 elementor-top-column elementor-element elementor-element-b2f18ac\" data-id=\"b2f18ac\" data-element_type=\"column\" data-e-type=\"column\">\n\t\t\t<div class=\"elementor-widget-wrap\">\n\t\t\t\t\t\t\t<\/div>\n\t\t<\/div>\n\t\t\t\t\t<\/div>\n\t\t<\/section>\n\t\t<div class=\"elementor-element elementor-element-cee6ac7 e-flex e-con-boxed e-con e-parent\" data-id=\"cee6ac7\" data-element_type=\"container\" data-e-type=\"container\">\n\t\t\t\t\t<div class=\"e-con-inner\">\n\t\t\t\t<div class=\"elementor-element elementor-element-9f22435 elementor-widget elementor-widget-spacer\" data-id=\"9f22435\" data-element_type=\"widget\" data-e-type=\"widget\" data-widget_type=\"spacer.default\">\n\t\t\t\t<div class=\"elementor-widget-container\">\n\t\t\t\t\t\t\t<div class=\"elementor-spacer\">\n\t\t\t<div class=\"elementor-spacer-inner\"><\/div>\n\t\t<\/div>\n\t\t\t\t\t\t<\/div>\n\t\t\t\t<\/div>\n\t\t\t\t\t<\/div>\n\t\t\t\t<\/div>\n\t\t<div class=\"elementor-element elementor-element-8e72e94 e-flex e-con-boxed e-con e-parent\" data-id=\"8e72e94\" data-element_type=\"container\" data-e-type=\"container\">\n\t\t\t\t\t<div class=\"e-con-inner\">\n\t\t\t\t<div class=\"elementor-element elementor-element-288c8d0 elementor-widget-tablet__width-initial elementor-widget elementor-widget-heading\" data-id=\"288c8d0\" data-element_type=\"widget\" data-e-type=\"widget\" data-widget_type=\"heading.default\">\n\t\t\t\t<div class=\"elementor-widget-container\">\n\t\t\t\t\t<h2 class=\"elementor-heading-title elementor-size-default\">Fotodepilaci\u00f3n<\/h2>\t\t\t\t<\/div>\n\t\t\t\t<\/div>\n\t\t\t\t\t<\/div>\n\t\t\t\t<\/div>\n\t\t<div class=\"elementor-element elementor-element-c0256fe e-flex e-con-boxed elementor-invisible e-con e-parent\" data-id=\"c0256fe\" data-element_type=\"container\" data-e-type=\"container\" data-settings=\"{&quot;animation&quot;:&quot;fadeInUp&quot;}\">\n\t\t\t\t\t<div class=\"e-con-inner\">\n\t\t<div class=\"elementor-element elementor-element-b79fced e-con-full e-flex e-con e-child\" data-id=\"b79fced\" data-element_type=\"container\" data-e-type=\"container\">\n\t\t\t\t<div class=\"elementor-element elementor-element-b8e525f elementor-widget elementor-widget-text-editor\" data-id=\"b8e525f\" data-element_type=\"widget\" data-e-type=\"widget\" data-widget_type=\"text-editor.default\">\n\t\t\t\t<div class=\"elementor-widget-container\">\n\t\t\t\t\t\t\t\t\t<p>Para \u00e9l y para ella. Personal con formaci\u00f3n y una experiencia en las t\u00e9cnicas de depilaci\u00f3n por luz de m\u00e1s de 20 a\u00f1os. Unimos nuestra experiencia a la incorporaci\u00f3n de aparatolog\u00eda de m\u00e1xima eficacia. Para poder dar un diagn\u00f3stico acertado y as\u00ed tratar a cada persona y cada zona dando los mejores resultados.<\/p>\t\t\t\t\t\t\t\t<\/div>\n\t\t\t\t<\/div>\n\t\t\t\t<\/div>\n\t\t\t\t\t<\/div>\n\t\t\t\t<\/div>\n\t\t<div class=\"elementor-element elementor-element-21d4d44 e-flex e-con-boxed e-con e-parent\" data-id=\"21d4d44\" data-element_type=\"container\" data-e-type=\"container\">\n\t\t\t\t\t<div class=\"e-con-inner\">\n\t\t<div class=\"elementor-element elementor-element-c063c25 e-con-full e-flex e-con e-child\" data-id=\"c063c25\" data-element_type=\"container\" data-e-type=\"container\">\n\t\t\t\t<div class=\"elementor-element elementor-element-021970a elementor-widget elementor-widget-image\" data-id=\"021970a\" data-element_type=\"widget\" data-e-type=\"widget\" data-widget_type=\"image.default\">\n\t\t\t\t<div class=\"elementor-widget-container\">\n\t\t\t\t\t\t\t\t\t\t\t\t\t\t\t<img fetchpriority=\"high\" decoding=\"async\" width=\"575\" height=\"1024\" src=\"https:\/\/cristinasantiagocentroestetico.es\/wp-content\/uploads\/2023\/12\/IMG_20191216_120847-1-575x1024.jpg\" class=\"attachment-large size-large wp-image-2939\" alt=\"\" srcset=\"https:\/\/cristinasantiagocentroestetico.es\/wp-content\/uploads\/2023\/12\/IMG_20191216_120847-1-575x1024.jpg 575w, https:\/\/cristinasantiagocentroestetico.es\/wp-content\/uploads\/2023\/12\/IMG_20191216_120847-1-scaled-600x1068.jpg 600w, https:\/\/cristinasantiagocentroestetico.es\/wp-content\/uploads\/2023\/12\/IMG_20191216_120847-1-168x300.jpg 168w, https:\/\/cristinasantiagocentroestetico.es\/wp-content\/uploads\/2023\/12\/IMG_20191216_120847-1-768x1368.jpg 768w, https:\/\/cristinasantiagocentroestetico.es\/wp-content\/uploads\/2023\/12\/IMG_20191216_120847-1-863x1536.jpg 863w, https:\/\/cristinasantiagocentroestetico.es\/wp-content\/uploads\/2023\/12\/IMG_20191216_120847-1-1150x2048.jpg 1150w, https:\/\/cristinasantiagocentroestetico.es\/wp-content\/uploads\/2023\/12\/IMG_20191216_120847-1-7x12.jpg 7w, https:\/\/cristinasantiagocentroestetico.es\/wp-content\/uploads\/2023\/12\/IMG_20191216_120847-1-scaled.jpg 1438w\" sizes=\"(max-width: 575px) 100vw, 575px\" \/>\t\t\t\t\t\t\t\t\t\t\t\t\t\t\t<\/div>\n\t\t\t\t<\/div>\n\t\t\t\t<\/div>\n\t\t\t\t\t<\/div>\n\t\t\t\t<\/div>\n\t\t\t\t<\/div>","protected":false},"excerpt":{"rendered":"<p>Fotodepilaci\u00f3n Para \u00e9l y para ella. Personal con formaci\u00f3n y una experiencia en las t\u00e9cnicas de depilaci\u00f3n por luz de m\u00e1s de 20 a\u00f1os. Unimos nuestra experiencia a la incorporaci\u00f3n de aparatolog\u00eda de m\u00e1xima eficacia. Para poder dar un diagn\u00f3stico acertado y as\u00ed tratar a cada persona y cada zona dando los mejores resultados.<\/p>","protected":false},"author":1,"featured_media":38,"parent":0,"menu_order":0,"comment_status":"closed","ping_status":"closed","template":"elementor_canvas","meta":{"footnotes":""},"class_list":["post-2712","page","type-page","status-publish","has-post-thumbnail","hentry"],"jetpack_sharing_enabled":true,"_links":{"self":[{"href":"https:\/\/cristinasantiagocentroestetico.es\/eu\/wp-json\/wp\/v2\/pages\/2712","targetHints":{"allow":["GET"]}}],"collection":[{"href":"https:\/\/cristinasantiagocentroestetico.es\/eu\/wp-json\/wp\/v2\/pages"}],"about":[{"href":"https:\/\/cristinasantiagocentroestetico.es\/eu\/wp-json\/wp\/v2\/types\/page"}],"author":[{"embeddable":true,"href":"https:\/\/cristinasantiagocentroestetico.es\/eu\/wp-json\/wp\/v2\/users\/1"}],"replies":[{"embeddable":true,"href":"https:\/\/cristinasantiagocentroestetico.es\/eu\/wp-json\/wp\/v2\/comments?post=2712"}],"version-history":[{"count":24,"href":"https:\/\/cristinasantiagocentroestetico.es\/eu\/wp-json\/wp\/v2\/pages\/2712\/revisions"}],"predecessor-version":[{"id":3548,"href":"https:\/\/cristinasantiagocentroestetico.es\/eu\/wp-json\/wp\/v2\/pages\/2712\/revisions\/3548"}],"wp:featuredmedia":[{"embeddable":true,"href":"https:\/\/cristinasantiagocentroestetico.es\/eu\/wp-json\/wp\/v2\/media\/38"}],"wp:attachment":[{"href":"https:\/\/cristinasantiagocentroestetico.es\/eu\/wp-json\/wp\/v2\/media?parent=2712"}],"curies":[{"name":"wp","href":"https:\/\/api.w.org\/{rel}","templated":true}]}}