{"id":2897,"date":"2023-12-18T12:13:20","date_gmt":"2023-12-18T12:13:20","guid":{"rendered":"https:\/\/cristinasantiagocentroestetico.es\/?page_id=2897"},"modified":"2025-12-16T16:03:34","modified_gmt":"2025-12-16T16:03:34","slug":"contorno-de-ojos","status":"publish","type":"page","link":"https:\/\/cristinasantiagocentroestetico.es\/eu\/contorno-de-ojos\/","title":{"rendered":"Tratamiento Contorno de ojos"},"content":{"rendered":"<div data-elementor-type=\"wp-page\" data-elementor-id=\"2897\" class=\"elementor elementor-2897\" data-elementor-post-type=\"page\">\n\t\t\t\t<div class=\"elementor-element elementor-element-e75fafc e-flex e-con-boxed e-con e-parent\" data-id=\"e75fafc\" data-element_type=\"container\" data-e-type=\"container\">\n\t\t\t\t\t<div class=\"e-con-inner\">\n\t\t\t\t<div class=\"elementor-element elementor-element-0f95db8 elementor-widget__width-initial elementor-widget elementor-widget-heading\" data-id=\"0f95db8\" data-element_type=\"widget\" data-e-type=\"widget\" data-widget_type=\"heading.default\">\n\t\t\t\t<div class=\"elementor-widget-container\">\n\t\t\t\t\t<h2 class=\"elementor-heading-title elementor-size-default\">Tratamiento de Contorno de Ojos: Reduce Bolsas, Ojeras y Arrugas<\/h2>\t\t\t\t<\/div>\n\t\t\t\t<\/div>\n\t\t\t\t<div class=\"elementor-element elementor-element-c3b3415 elementor-widget-divider--view-line elementor-widget elementor-widget-divider\" data-id=\"c3b3415\" data-element_type=\"widget\" data-e-type=\"widget\" data-widget_type=\"divider.default\">\n\t\t\t\t<div class=\"elementor-widget-container\">\n\t\t\t\t\t\t\t<div class=\"elementor-divider\">\n\t\t\t<span class=\"elementor-divider-separator\">\n\t\t\t\t\t\t<\/span>\n\t\t<\/div>\n\t\t\t\t\t\t<\/div>\n\t\t\t\t<\/div>\n\t\t\t\t\t<\/div>\n\t\t\t\t<\/div>\n\t\t<div class=\"elementor-element elementor-element-fe42924 e-flex e-con-boxed e-con e-parent\" data-id=\"fe42924\" data-element_type=\"container\" data-e-type=\"container\">\n\t\t\t\t\t<div class=\"e-con-inner\">\n\t\t<div class=\"elementor-element elementor-element-499e7cf e-con-full e-flex e-con e-child\" data-id=\"499e7cf\" data-element_type=\"container\" data-e-type=\"container\">\n\t\t\t\t<div class=\"elementor-element elementor-element-e1032b2 elementor-widget elementor-widget-image\" data-id=\"e1032b2\" data-element_type=\"widget\" data-e-type=\"widget\" data-widget_type=\"image.default\">\n\t\t\t\t<div class=\"elementor-widget-container\">\n\t\t\t\t\t\t\t\t\t\t\t\t\t\t\t<img fetchpriority=\"high\" decoding=\"async\" width=\"800\" height=\"461\" src=\"https:\/\/cristinasantiagocentroestetico.es\/wp-content\/uploads\/2024\/01\/Captura-de-pantalla-19.png\" class=\"attachment-large size-large wp-image-4037\" alt=\"\" srcset=\"https:\/\/cristinasantiagocentroestetico.es\/wp-content\/uploads\/2024\/01\/Captura-de-pantalla-19.png 944w, https:\/\/cristinasantiagocentroestetico.es\/wp-content\/uploads\/2024\/01\/Captura-de-pantalla-19-600x346.png 600w, https:\/\/cristinasantiagocentroestetico.es\/wp-content\/uploads\/2024\/01\/Captura-de-pantalla-19-300x173.png 300w, https:\/\/cristinasantiagocentroestetico.es\/wp-content\/uploads\/2024\/01\/Captura-de-pantalla-19-768x443.png 768w, https:\/\/cristinasantiagocentroestetico.es\/wp-content\/uploads\/2024\/01\/Captura-de-pantalla-19-18x10.png 18w\" sizes=\"(max-width: 800px) 100vw, 800px\" \/>\t\t\t\t\t\t\t\t\t\t\t\t\t\t\t<\/div>\n\t\t\t\t<\/div>\n\t\t\t\t<\/div>\n\t\t<div class=\"elementor-element elementor-element-31ca0d0 e-con-full e-flex e-con e-child\" data-id=\"31ca0d0\" data-element_type=\"container\" data-e-type=\"container\">\n\t\t\t\t<div class=\"elementor-element elementor-element-68f0d63 elementor-widget elementor-widget-text-editor\" data-id=\"68f0d63\" data-element_type=\"widget\" data-e-type=\"widget\" data-widget_type=\"text-editor.default\">\n\t\t\t\t<div class=\"elementor-widget-container\">\n\t\t\t\t\t\t\t\t\t<p data-start=\"140\" data-end=\"442\">El <strong data-start=\"143\" data-end=\"163\">contorno de ojos<\/strong> es una de las zonas del rostro donde antes se manifiestan los signos del envejecimiento. La piel es m\u00e1s fina y delicada, por lo que con el paso del tiempo aparecen <strong data-start=\"328\" data-end=\"397\">flacidez, l\u00edneas de expresi\u00f3n, bolsas, ojeras e hiperpigmentaci\u00f3n<\/strong>, dando lugar a una mirada cansada y apagada.<\/p><p data-start=\"444\" data-end=\"737\">Por eso, los <strong data-start=\"457\" data-end=\"519\">tratamientos faciales espec\u00edficos para el contorno de ojos<\/strong> se adaptan a las necesidades de cada piel. Ayudan a reducir la inflamaci\u00f3n, suavizar arrugas y l\u00edneas finas, mejorar la pigmentaci\u00f3n y reforzar la firmeza de la piel, retrasando al m\u00e1ximo la aparici\u00f3n de estos signos.<\/p><p data-start=\"739\" data-end=\"848\">El resultado es una <strong data-start=\"759\" data-end=\"803\">mirada m\u00e1s fresca, descansada y luminosa<\/strong>, que rejuvenece visiblemente todo el rostro.<\/p>\t\t\t\t\t\t\t\t<\/div>\n\t\t\t\t<\/div>\n\t\t\t\t<\/div>\n\t\t\t\t\t<\/div>\n\t\t\t\t<\/div>\n\t\t<div class=\"elementor-element elementor-element-b35f9dd e-flex e-con-boxed e-con e-parent\" data-id=\"b35f9dd\" data-element_type=\"container\" data-e-type=\"container\">\n\t\t\t\t\t<div class=\"e-con-inner\">\n\t\t\t\t<div class=\"elementor-element elementor-element-78e0ee8 elementor-add-to-cart--align-center elementor-widget elementor-widget-wc-add-to-cart\" data-id=\"78e0ee8\" data-element_type=\"widget\" data-e-type=\"widget\" data-widget_type=\"wc-add-to-cart.default\">\n\t\t\t\t<div class=\"elementor-widget-container\">\n\t\t\t\t\t\t\t\t\t<div class=\"elementor-button-wrapper\">\n\t\t\t\t\t<a rel=\"nofollow\" href=\"\/eu\/contorno-de-ojos\/?add-to-cart=4467\" data-quantity=\"1\" data-product_id=\"4467\" class=\"product_type_simple add_to_cart_button ajax_add_to_cart elementor-button elementor-size-md\" role=\"button\">\n\t\t\t\t\t\t<span class=\"elementor-button-content-wrapper\">\n\t\t\t\t\t\t<span class=\"elementor-button-icon\">\n\t\t\t\t<svg aria-hidden=\"true\" class=\"e-font-icon-svg e-fas-shopping-cart\" viewbox=\"0 0 576 512\" xmlns=\"http:\/\/www.w3.org\/2000\/svg\"><path d=\"M528.12 301.319l47.273-208C578.806 78.301 567.391 64 551.99 64H159.208l-9.166-44.81C147.758 8.021 137.93 0 126.529 0H24C10.745 0 0 10.745 0 24v16c0 13.255 10.745 24 24 24h69.883l70.248 343.435C147.325 417.1 136 435.222 136 456c0 30.928 25.072 56 56 56s56-25.072 56-56c0-15.674-6.447-29.835-16.824-40h209.647C430.447 426.165 424 440.326 424 456c0 30.928 25.072 56 56 56s56-25.072 56-56c0-22.172-12.888-41.332-31.579-50.405l5.517-24.276c3.413-15.018-8.002-29.319-23.403-29.319H218.117l-6.545-32h293.145c11.206 0 20.92-7.754 23.403-18.681z\"><\/path><\/svg>\t\t\t<\/span>\n\t\t\t\t\t\t\t\t\t<span class=\"elementor-button-text\">Comprar diagn\u00f3stico<\/span>\n\t\t\t\t\t<\/span>\n\t\t\t\t\t<\/a>\n\t\t\t\t<\/div>\n\t\t\t\t\t\t\t\t<\/div>\n\t\t\t\t<\/div>\n\t\t\t\t\t<\/div>\n\t\t\t\t<\/div>\n\t\t<div class=\"elementor-element elementor-element-dc60844 e-flex e-con-boxed e-con e-parent\" data-id=\"dc60844\" data-element_type=\"container\" data-e-type=\"container\">\n\t\t\t\t\t<div class=\"e-con-inner\">\n\t\t<div class=\"elementor-element elementor-element-e8863c0 e-con-full e-flex e-con e-child\" data-id=\"e8863c0\" data-element_type=\"container\" data-e-type=\"container\">\n\t\t\t\t<div class=\"elementor-element elementor-element-c9bd516 elementor-widget elementor-widget-image\" data-id=\"c9bd516\" data-element_type=\"widget\" data-e-type=\"widget\" data-widget_type=\"image.default\">\n\t\t\t\t<div class=\"elementor-widget-container\">\n\t\t\t\t\t\t\t\t\t\t\t\t\t\t\t<img decoding=\"async\" width=\"800\" height=\"800\" src=\"https:\/\/cristinasantiagocentroestetico.es\/wp-content\/uploads\/2023\/12\/Diseno-sin-titulo-2023-12-18T133847.812-1024x1024.png\" class=\"attachment-large size-large wp-image-2934\" alt=\"\" srcset=\"https:\/\/cristinasantiagocentroestetico.es\/wp-content\/uploads\/2023\/12\/Diseno-sin-titulo-2023-12-18T133847.812-1024x1024.png 1024w, https:\/\/cristinasantiagocentroestetico.es\/wp-content\/uploads\/2023\/12\/Diseno-sin-titulo-2023-12-18T133847.812-300x300.png 300w, https:\/\/cristinasantiagocentroestetico.es\/wp-content\/uploads\/2023\/12\/Diseno-sin-titulo-2023-12-18T133847.812-100x100.png 100w, https:\/\/cristinasantiagocentroestetico.es\/wp-content\/uploads\/2023\/12\/Diseno-sin-titulo-2023-12-18T133847.812-600x600.png 600w, https:\/\/cristinasantiagocentroestetico.es\/wp-content\/uploads\/2023\/12\/Diseno-sin-titulo-2023-12-18T133847.812-150x150.png 150w, https:\/\/cristinasantiagocentroestetico.es\/wp-content\/uploads\/2023\/12\/Diseno-sin-titulo-2023-12-18T133847.812-768x768.png 768w, https:\/\/cristinasantiagocentroestetico.es\/wp-content\/uploads\/2023\/12\/Diseno-sin-titulo-2023-12-18T133847.812-12x12.png 12w, https:\/\/cristinasantiagocentroestetico.es\/wp-content\/uploads\/2023\/12\/Diseno-sin-titulo-2023-12-18T133847.812.png 1080w\" sizes=\"(max-width: 800px) 100vw, 800px\" \/>\t\t\t\t\t\t\t\t\t\t\t\t\t\t\t<\/div>\n\t\t\t\t<\/div>\n\t\t\t\t<\/div>\n\t\t<div class=\"elementor-element elementor-element-8cdedb7 e-con-full e-flex e-con e-child\" data-id=\"8cdedb7\" data-element_type=\"container\" data-e-type=\"container\">\n\t\t\t\t<div class=\"elementor-element elementor-element-9761d88 elementor-widget elementor-widget-image\" data-id=\"9761d88\" data-element_type=\"widget\" data-e-type=\"widget\" data-widget_type=\"image.default\">\n\t\t\t\t<div class=\"elementor-widget-container\">\n\t\t\t\t\t\t\t\t\t\t\t\t\t\t\t<img decoding=\"async\" width=\"800\" height=\"800\" src=\"https:\/\/cristinasantiagocentroestetico.es\/wp-content\/uploads\/2023\/12\/Diseno-sin-titulo-2023-12-18T133633.745-1024x1024.png\" class=\"attachment-large size-large wp-image-2933\" alt=\"\" srcset=\"https:\/\/cristinasantiagocentroestetico.es\/wp-content\/uploads\/2023\/12\/Diseno-sin-titulo-2023-12-18T133633.745-1024x1024.png 1024w, https:\/\/cristinasantiagocentroestetico.es\/wp-content\/uploads\/2023\/12\/Diseno-sin-titulo-2023-12-18T133633.745-300x300.png 300w, https:\/\/cristinasantiagocentroestetico.es\/wp-content\/uploads\/2023\/12\/Diseno-sin-titulo-2023-12-18T133633.745-100x100.png 100w, https:\/\/cristinasantiagocentroestetico.es\/wp-content\/uploads\/2023\/12\/Diseno-sin-titulo-2023-12-18T133633.745-600x600.png 600w, https:\/\/cristinasantiagocentroestetico.es\/wp-content\/uploads\/2023\/12\/Diseno-sin-titulo-2023-12-18T133633.745-150x150.png 150w, https:\/\/cristinasantiagocentroestetico.es\/wp-content\/uploads\/2023\/12\/Diseno-sin-titulo-2023-12-18T133633.745-768x768.png 768w, https:\/\/cristinasantiagocentroestetico.es\/wp-content\/uploads\/2023\/12\/Diseno-sin-titulo-2023-12-18T133633.745-12x12.png 12w, https:\/\/cristinasantiagocentroestetico.es\/wp-content\/uploads\/2023\/12\/Diseno-sin-titulo-2023-12-18T133633.745.png 1080w\" sizes=\"(max-width: 800px) 100vw, 800px\" \/>\t\t\t\t\t\t\t\t\t\t\t\t\t\t\t<\/div>\n\t\t\t\t<\/div>\n\t\t\t\t<\/div>\n\t\t\t\t\t<\/div>\n\t\t\t\t<\/div>\n\t\t<div class=\"elementor-element elementor-element-9e74f00 e-flex e-con-boxed e-con e-parent\" data-id=\"9e74f00\" data-element_type=\"container\" data-e-type=\"container\">\n\t\t\t\t\t<div class=\"e-con-inner\">\n\t\t<div class=\"elementor-element elementor-element-20b1bba e-con-full e-flex e-con e-child\" data-id=\"20b1bba\" data-element_type=\"container\" data-e-type=\"container\">\n\t\t\t\t<div class=\"elementor-element elementor-element-d64f6f3 elementor-widget elementor-widget-heading\" data-id=\"d64f6f3\" data-element_type=\"widget\" data-e-type=\"widget\" data-widget_type=\"heading.default\">\n\t\t\t\t<div class=\"elementor-widget-container\">\n\t\t\t\t\t<h2 class=\"elementor-heading-title elementor-size-default\">Porque tu piel es \u00fanica<\/h2>\t\t\t\t<\/div>\n\t\t\t\t<\/div>\n\t\t\t\t<div class=\"elementor-element elementor-element-9f5b34d elementor-widget elementor-widget-text-editor\" data-id=\"9f5b34d\" data-element_type=\"widget\" data-e-type=\"widget\" data-widget_type=\"text-editor.default\">\n\t\t\t\t<div class=\"elementor-widget-container\">\n\t\t\t\t\t\t\t\t\t<p style=\"text-align: center;\">Antes de realizar un tratamiento, realizamos un diagnostico exhaustivo, de las necesidades de tu piel. Y as\u00ed dise\u00f1ar una experiencia completamente adaptada a ti.<\/p><p style=\"text-align: center;\"><span style=\"font-size: 1rem;\">Precio diagn\u00f3stico 20\u20ac &#8211; Se descuenta del precio del servicio finalmente escogido:\u00a0<\/span><\/p><p style=\"text-align: center;\"><i>Radiofrecuencia &#8211; Vitamina C &#8211; Ox\u00edgeno &#8211; Hialur\u00f3nico &#8211; Despigmentante &#8211; Foto rejuvenecimiento &#8211; Foto acn\u00e9 &#8211; Acidos &#8211; Contorno &#8211; Dermapen &#8211; Cuello y escote, etc&#8230;<\/i><\/p>\t\t\t\t\t\t\t\t<\/div>\n\t\t\t\t<\/div>\n\t\t\t\t<div class=\"elementor-element elementor-element-0cd8ba8 elementor-add-to-cart--align-center elementor-widget elementor-widget-wc-add-to-cart\" data-id=\"0cd8ba8\" data-element_type=\"widget\" data-e-type=\"widget\" data-widget_type=\"wc-add-to-cart.default\">\n\t\t\t\t<div class=\"elementor-widget-container\">\n\t\t\t\t\t\t\t\t\t<div class=\"elementor-button-wrapper\">\n\t\t\t\t\t<a rel=\"nofollow\" href=\"\/eu\/contorno-de-ojos\/?add-to-cart=4467\" data-quantity=\"1\" data-product_id=\"4467\" class=\"product_type_simple add_to_cart_button ajax_add_to_cart elementor-button elementor-size-md\" role=\"button\">\n\t\t\t\t\t\t<span class=\"elementor-button-content-wrapper\">\n\t\t\t\t\t\t<span class=\"elementor-button-icon\">\n\t\t\t\t<svg aria-hidden=\"true\" class=\"e-font-icon-svg e-fas-shopping-cart\" viewbox=\"0 0 576 512\" xmlns=\"http:\/\/www.w3.org\/2000\/svg\"><path d=\"M528.12 301.319l47.273-208C578.806 78.301 567.391 64 551.99 64H159.208l-9.166-44.81C147.758 8.021 137.93 0 126.529 0H24C10.745 0 0 10.745 0 24v16c0 13.255 10.745 24 24 24h69.883l70.248 343.435C147.325 417.1 136 435.222 136 456c0 30.928 25.072 56 56 56s56-25.072 56-56c0-15.674-6.447-29.835-16.824-40h209.647C430.447 426.165 424 440.326 424 456c0 30.928 25.072 56 56 56s56-25.072 56-56c0-22.172-12.888-41.332-31.579-50.405l5.517-24.276c3.413-15.018-8.002-29.319-23.403-29.319H218.117l-6.545-32h293.145c11.206 0 20.92-7.754 23.403-18.681z\"><\/path><\/svg>\t\t\t<\/span>\n\t\t\t\t\t\t\t\t\t<span class=\"elementor-button-text\">Comprar diagn\u00f3stico<\/span>\n\t\t\t\t\t<\/span>\n\t\t\t\t\t<\/a>\n\t\t\t\t<\/div>\n\t\t\t\t\t\t\t\t<\/div>\n\t\t\t\t<\/div>\n\t\t\t\t<\/div>\n\t\t\t\t\t<\/div>\n\t\t\t\t<\/div>\n\t\t\t\t<\/div>","protected":false},"excerpt":{"rendered":"<p>Tratamiento de Contorno de Ojos: Reduce Bolsas, Ojeras y Arrugas El contorno de ojos es una de las zonas del rostro donde antes se manifiestan los signos del envejecimiento. La piel es m\u00e1s fina y delicada, por lo que con el paso del tiempo aparecen flacidez, l\u00edneas de expresi\u00f3n, bolsas, ojeras e hiperpigmentaci\u00f3n, dando lugar [&hellip;]<\/p>\n","protected":false},"author":1,"featured_media":38,"parent":0,"menu_order":0,"comment_status":"closed","ping_status":"closed","template":"elementor_canvas","meta":{"footnotes":""},"class_list":["post-2897","page","type-page","status-publish","has-post-thumbnail","hentry"],"jetpack_sharing_enabled":true,"_links":{"self":[{"href":"https:\/\/cristinasantiagocentroestetico.es\/eu\/wp-json\/wp\/v2\/pages\/2897","targetHints":{"allow":["GET"]}}],"collection":[{"href":"https:\/\/cristinasantiagocentroestetico.es\/eu\/wp-json\/wp\/v2\/pages"}],"about":[{"href":"https:\/\/cristinasantiagocentroestetico.es\/eu\/wp-json\/wp\/v2\/types\/page"}],"author":[{"embeddable":true,"href":"https:\/\/cristinasantiagocentroestetico.es\/eu\/wp-json\/wp\/v2\/users\/1"}],"replies":[{"embeddable":true,"href":"https:\/\/cristinasantiagocentroestetico.es\/eu\/wp-json\/wp\/v2\/comments?post=2897"}],"version-history":[{"count":32,"href":"https:\/\/cristinasantiagocentroestetico.es\/eu\/wp-json\/wp\/v2\/pages\/2897\/revisions"}],"predecessor-version":[{"id":4937,"href":"https:\/\/cristinasantiagocentroestetico.es\/eu\/wp-json\/wp\/v2\/pages\/2897\/revisions\/4937"}],"wp:featuredmedia":[{"embeddable":true,"href":"https:\/\/cristinasantiagocentroestetico.es\/eu\/wp-json\/wp\/v2\/media\/38"}],"wp:attachment":[{"href":"https:\/\/cristinasantiagocentroestetico.es\/eu\/wp-json\/wp\/v2\/media?parent=2897"}],"curies":[{"name":"wp","href":"https:\/\/api.w.org\/{rel}","templated":true}]}}