{"id":943,"date":"2023-10-02T14:16:28","date_gmt":"2023-10-02T14:16:28","guid":{"rendered":"https:\/\/web4.rkinformatika.net\/cristinasantiagocentroestetico\/?page_id=943"},"modified":"2026-07-10T15:19:09","modified_gmt":"2026-07-10T15:19:09","slug":"electrodepilacion","status":"publish","type":"page","link":"https:\/\/cristinasantiagocentroestetico.es\/eu\/electrodepilacion\/","title":{"rendered":"Electrodepilaci\u00f3n"},"content":{"rendered":"<div data-elementor-type=\"wp-page\" data-elementor-id=\"943\" class=\"elementor elementor-943\" data-elementor-post-type=\"page\">\n\t\t\t\t<div class=\"elementor-element elementor-element-45a5183 e-flex e-con-boxed e-con e-parent\" data-id=\"45a5183\" data-element_type=\"container\" data-e-type=\"container\">\n\t\t\t\t\t<div class=\"e-con-inner\">\n\t\t\t\t<div class=\"elementor-element elementor-element-970019d elementor-widget elementor-widget-spacer\" data-id=\"970019d\" data-element_type=\"widget\" data-e-type=\"widget\" data-widget_type=\"spacer.default\">\n\t\t\t\t<div class=\"elementor-widget-container\">\n\t\t\t\t\t\t\t<div class=\"elementor-spacer\">\n\t\t\t<div class=\"elementor-spacer-inner\"><\/div>\n\t\t<\/div>\n\t\t\t\t\t\t<\/div>\n\t\t\t\t<\/div>\n\t\t\t\t\t<\/div>\n\t\t\t\t<\/div>\n\t\t<div class=\"elementor-element elementor-element-283b893 e-flex e-con-boxed e-con e-parent\" data-id=\"283b893\" data-element_type=\"container\" data-e-type=\"container\">\n\t\t\t\t\t<div class=\"e-con-inner\">\n\t\t\t\t<div class=\"elementor-element elementor-element-9c95b13 elementor-widget elementor-widget-heading\" data-id=\"9c95b13\" data-element_type=\"widget\" data-e-type=\"widget\" data-widget_type=\"heading.default\">\n\t\t\t\t<div class=\"elementor-widget-container\">\n\t\t\t\t\t<h2 class=\"elementor-heading-title elementor-size-default\">Depilaci\u00f3n el\u00e9ctrica en Bilbao: la soluci\u00f3n definitiva para eliminar el vello de forma permanente<\/h2>\t\t\t\t<\/div>\n\t\t\t\t<\/div>\n\t\t\t\t\t<\/div>\n\t\t\t\t<\/div>\n\t\t<div class=\"elementor-element elementor-element-61de844 e-flex e-con-boxed e-con e-parent\" data-id=\"61de844\" data-element_type=\"container\" data-e-type=\"container\">\n\t\t\t\t\t<div class=\"e-con-inner\">\n\t\t<div class=\"elementor-element elementor-element-01e99a0 e-con-full e-flex e-con e-child\" data-id=\"01e99a0\" data-element_type=\"container\" data-e-type=\"container\">\n\t\t\t\t<div class=\"elementor-element elementor-element-0c190ba elementor-widget elementor-widget-text-editor\" data-id=\"0c190ba\" data-element_type=\"widget\" data-e-type=\"widget\" data-widget_type=\"text-editor.default\">\n\t\t\t\t<div class=\"elementor-widget-container\">\n\t\t\t\t\t\t\t\t\t<p class=\"PDq2pG_selectionAnchorContainer\" data-start=\"105\" data-end=\"409\">Hay zonas donde el vello parece volver una y otra vez. Unos pocos pelos en el ment\u00f3n, el labio superior, las cejas o cualquier otra parte del cuerpo pueden convertirse en una preocupaci\u00f3n constante. Si buscas una soluci\u00f3n realmente permanente, la <strong data-start=\"352\" data-end=\"376\">depilaci\u00f3n el\u00e9ctrica<\/strong> es el tratamiento de referencia.<\/p><p data-start=\"411\" data-end=\"699\">En <strong data-start=\"414\" data-end=\"451\">Cristina Santiago Centro Est\u00e9tico<\/strong>, en Santutxu (Bilbao), realizamos tratamientos de <strong data-start=\"502\" data-end=\"526\">depilaci\u00f3n el\u00e9ctrica<\/strong> con un enfoque totalmente personalizado, ayudando a eliminar el vello de forma definitiva incluso en aquellos casos donde otros m\u00e9todos no ofrecen los resultados esperados.<\/p>\t\t\t\t\t\t\t\t<\/div>\n\t\t\t\t<\/div>\n\t\t\t\t<\/div>\n\t\t<div class=\"elementor-element elementor-element-9b18ddf e-con-full e-flex e-con e-child\" data-id=\"9b18ddf\" data-element_type=\"container\" data-e-type=\"container\">\n\t\t\t\t<div class=\"elementor-element elementor-element-1160288 elementor-widget elementor-widget-text-editor\" data-id=\"1160288\" data-element_type=\"widget\" data-e-type=\"widget\" data-widget_type=\"text-editor.default\">\n\t\t\t\t<div class=\"elementor-widget-container\">\n\t\t\t\t\t\t\t\t\t<h2 class=\"PDq2pG_selectionAnchorContainer\" data-section-id=\"s7rwix\" data-start=\"706\" data-end=\"778\">El \u00fanico m\u00e9todo de depilaci\u00f3n permanente para cualquier tipo de vello<\/h2><p data-start=\"780\" data-end=\"934\">La depilaci\u00f3n el\u00e9ctrica act\u00faa directamente sobre el fol\u00edculo piloso mediante una fina sonda que destruye la ra\u00edz del pelo, impidiendo que vuelva a crecer.<\/p><p data-start=\"936\" data-end=\"972\">Su gran ventaja es que puede tratar:<\/p><ul data-start=\"974\" data-end=\"1108\"><li data-section-id=\"mvvxc4\" data-start=\"974\" data-end=\"1015\">Vello claro, blanco, rubio y pelirrojo.<\/li><li data-section-id=\"1ab3asi\" data-start=\"1016\" data-end=\"1038\">Vello fino o grueso.<\/li><li data-section-id=\"cte2z1\" data-start=\"1039\" data-end=\"1068\">Todo tipo de tonos de piel.<\/li><li data-section-id=\"1idzpsr\" data-start=\"1069\" data-end=\"1108\">Zonas peque\u00f1as y de m\u00e1xima precisi\u00f3n.<\/li><\/ul><p data-start=\"1110\" data-end=\"1245\">Es el tratamiento ideal cuando el l\u00e1ser no est\u00e1 indicado o cuando han quedado pelos residuales tras un tratamiento de depilaci\u00f3n l\u00e1ser.<\/p>\t\t\t\t\t\t\t\t<\/div>\n\t\t\t\t<\/div>\n\t\t\t\t<\/div>\n\t\t\t\t\t<\/div>\n\t\t\t\t<\/div>\n\t\t<div class=\"elementor-element elementor-element-6de4354 e-flex e-con-boxed e-con e-parent\" data-id=\"6de4354\" data-element_type=\"container\" data-e-type=\"container\">\n\t\t\t\t\t<div class=\"e-con-inner\">\n\t\t<div class=\"elementor-element elementor-element-b919115 e-con-full e-flex e-con e-child\" data-id=\"b919115\" data-element_type=\"container\" data-e-type=\"container\">\n\t\t\t\t<div class=\"elementor-element elementor-element-dde19bb elementor-widget elementor-widget-image\" data-id=\"dde19bb\" data-element_type=\"widget\" data-e-type=\"widget\" data-widget_type=\"image.default\">\n\t\t\t\t<div class=\"elementor-widget-container\">\n\t\t\t\t\t\t\t\t\t\t\t\t\t\t\t<img fetchpriority=\"high\" decoding=\"async\" width=\"768\" height=\"1024\" src=\"https:\/\/cristinasantiagocentroestetico.es\/wp-content\/uploads\/2023\/12\/IMG20231216120118-1-768x1024.jpg\" class=\"attachment-large size-large wp-image-2943\" alt=\"\" srcset=\"https:\/\/cristinasantiagocentroestetico.es\/wp-content\/uploads\/2023\/12\/IMG20231216120118-1-768x1024.jpg 768w, https:\/\/cristinasantiagocentroestetico.es\/wp-content\/uploads\/2023\/12\/IMG20231216120118-1-scaled-600x800.jpg 600w, https:\/\/cristinasantiagocentroestetico.es\/wp-content\/uploads\/2023\/12\/IMG20231216120118-1-225x300.jpg 225w, https:\/\/cristinasantiagocentroestetico.es\/wp-content\/uploads\/2023\/12\/IMG20231216120118-1-1152x1536.jpg 1152w, https:\/\/cristinasantiagocentroestetico.es\/wp-content\/uploads\/2023\/12\/IMG20231216120118-1-1536x2048.jpg 1536w, https:\/\/cristinasantiagocentroestetico.es\/wp-content\/uploads\/2023\/12\/IMG20231216120118-1-9x12.jpg 9w, https:\/\/cristinasantiagocentroestetico.es\/wp-content\/uploads\/2023\/12\/IMG20231216120118-1-scaled.jpg 1920w\" sizes=\"(max-width: 768px) 100vw, 768px\" \/>\t\t\t\t\t\t\t\t\t\t\t\t\t\t\t<\/div>\n\t\t\t\t<\/div>\n\t\t\t\t<\/div>\n\t\t<div class=\"elementor-element elementor-element-1f71c99 e-con-full e-flex e-con e-child\" data-id=\"1f71c99\" data-element_type=\"container\" data-e-type=\"container\">\n\t\t\t\t<div class=\"elementor-element elementor-element-0c4a932 elementor-widget elementor-widget-image\" data-id=\"0c4a932\" data-element_type=\"widget\" data-e-type=\"widget\" data-widget_type=\"image.default\">\n\t\t\t\t<div class=\"elementor-widget-container\">\n\t\t\t\t\t\t\t\t\t\t\t\t\t\t\t<img decoding=\"async\" width=\"800\" height=\"533\" src=\"https:\/\/cristinasantiagocentroestetico.es\/wp-content\/uploads\/2023\/12\/young-woman-dermatologist-doing-hair-removal-treatment-on-patient-s-face-with-electrolysis-1024x682.jpg\" class=\"attachment-large size-large wp-image-3562\" alt=\"Young woman dermatologist doing hair removal treatment on patient&apos;s face with electrolysis\" srcset=\"https:\/\/cristinasantiagocentroestetico.es\/wp-content\/uploads\/2023\/12\/young-woman-dermatologist-doing-hair-removal-treatment-on-patient-s-face-with-electrolysis-1024x682.jpg 1024w, https:\/\/cristinasantiagocentroestetico.es\/wp-content\/uploads\/2023\/12\/young-woman-dermatologist-doing-hair-removal-treatment-on-patient-s-face-with-electrolysis-600x400.jpg 600w, https:\/\/cristinasantiagocentroestetico.es\/wp-content\/uploads\/2023\/12\/young-woman-dermatologist-doing-hair-removal-treatment-on-patient-s-face-with-electrolysis-300x200.jpg 300w, https:\/\/cristinasantiagocentroestetico.es\/wp-content\/uploads\/2023\/12\/young-woman-dermatologist-doing-hair-removal-treatment-on-patient-s-face-with-electrolysis-768x512.jpg 768w, https:\/\/cristinasantiagocentroestetico.es\/wp-content\/uploads\/2023\/12\/young-woman-dermatologist-doing-hair-removal-treatment-on-patient-s-face-with-electrolysis-1536x1024.jpg 1536w, https:\/\/cristinasantiagocentroestetico.es\/wp-content\/uploads\/2023\/12\/young-woman-dermatologist-doing-hair-removal-treatment-on-patient-s-face-with-electrolysis-18x12.jpg 18w, https:\/\/cristinasantiagocentroestetico.es\/wp-content\/uploads\/2023\/12\/young-woman-dermatologist-doing-hair-removal-treatment-on-patient-s-face-with-electrolysis.jpg 2000w\" sizes=\"(max-width: 800px) 100vw, 800px\" \/>\t\t\t\t\t\t\t\t\t\t\t\t\t\t\t<\/div>\n\t\t\t\t<\/div>\n\t\t\t\t<\/div>\n\t\t\t\t\t<\/div>\n\t\t\t\t<\/div>\n\t\t\t\t<\/div>","protected":false},"excerpt":{"rendered":"<p>Depilaci\u00f3n el\u00e9ctrica en Bilbao: la soluci\u00f3n definitiva para eliminar el vello de forma permanente Hay zonas donde el vello parece volver una y otra vez. Unos pocos pelos en el ment\u00f3n, el labio superior, las cejas o cualquier otra parte del cuerpo pueden convertirse en una preocupaci\u00f3n constante. Si buscas una soluci\u00f3n realmente permanente, la [&hellip;]<\/p>\n","protected":false},"author":1,"featured_media":38,"parent":0,"menu_order":0,"comment_status":"closed","ping_status":"closed","template":"elementor_canvas","meta":{"footnotes":""},"class_list":["post-943","page","type-page","status-publish","has-post-thumbnail","hentry"],"jetpack_sharing_enabled":true,"_links":{"self":[{"href":"https:\/\/cristinasantiagocentroestetico.es\/eu\/wp-json\/wp\/v2\/pages\/943","targetHints":{"allow":["GET"]}}],"collection":[{"href":"https:\/\/cristinasantiagocentroestetico.es\/eu\/wp-json\/wp\/v2\/pages"}],"about":[{"href":"https:\/\/cristinasantiagocentroestetico.es\/eu\/wp-json\/wp\/v2\/types\/page"}],"author":[{"embeddable":true,"href":"https:\/\/cristinasantiagocentroestetico.es\/eu\/wp-json\/wp\/v2\/users\/1"}],"replies":[{"embeddable":true,"href":"https:\/\/cristinasantiagocentroestetico.es\/eu\/wp-json\/wp\/v2\/comments?post=943"}],"version-history":[{"count":65,"href":"https:\/\/cristinasantiagocentroestetico.es\/eu\/wp-json\/wp\/v2\/pages\/943\/revisions"}],"predecessor-version":[{"id":5237,"href":"https:\/\/cristinasantiagocentroestetico.es\/eu\/wp-json\/wp\/v2\/pages\/943\/revisions\/5237"}],"wp:featuredmedia":[{"embeddable":true,"href":"https:\/\/cristinasantiagocentroestetico.es\/eu\/wp-json\/wp\/v2\/media\/38"}],"wp:attachment":[{"href":"https:\/\/cristinasantiagocentroestetico.es\/eu\/wp-json\/wp\/v2\/media?parent=943"}],"curies":[{"name":"wp","href":"https:\/\/api.w.org\/{rel}","templated":true}]}}