{"id":945,"date":"2023-10-02T14:16:49","date_gmt":"2023-10-02T14:16:49","guid":{"rendered":"https:\/\/web4.rkinformatika.net\/cristinasantiagocentroestetico\/?page_id=945"},"modified":"2026-08-25T16:06:40","modified_gmt":"2026-08-25T16:06:40","slug":"depilacion-definitiva","status":"publish","type":"page","link":"https:\/\/cristinasantiagocentroestetico.es\/eu\/depilacion-definitiva\/","title":{"rendered":"Depilaci\u00f3n Definitiva en Bilbao"},"content":{"rendered":"<div data-elementor-type=\"wp-page\" data-elementor-id=\"945\" class=\"elementor elementor-945\" data-elementor-post-type=\"page\">\n\t\t\t\t\t\t<section class=\"elementor-section elementor-top-section elementor-element elementor-element-b89239a elementor-section-boxed elementor-section-height-default elementor-section-height-default\" data-id=\"b89239a\" data-element_type=\"section\" data-e-type=\"section\" data-settings=\"{&quot;background_background&quot;:&quot;classic&quot;}\">\n\t\t\t\t\t\t\t<div class=\"elementor-background-overlay\"><\/div>\n\t\t\t\t\t\t\t<div class=\"elementor-container elementor-column-gap-default\">\n\t\t\t\t\t<div class=\"elementor-column elementor-col-100 elementor-top-column elementor-element elementor-element-b2f18ac\" data-id=\"b2f18ac\" data-element_type=\"column\" data-e-type=\"column\">\n\t\t\t<div class=\"elementor-widget-wrap\">\n\t\t\t\t\t\t\t<\/div>\n\t\t<\/div>\n\t\t\t\t\t<\/div>\n\t\t<\/section>\n\t\t<div class=\"elementor-element elementor-element-4a4afde e-flex e-con-boxed e-con e-parent\" data-id=\"4a4afde\" data-element_type=\"container\" data-e-type=\"container\">\n\t\t\t\t\t<div class=\"e-con-inner\">\n\t\t\t\t<div class=\"elementor-element elementor-element-bf30a8a elementor-widget elementor-widget-spacer\" data-id=\"bf30a8a\" data-element_type=\"widget\" data-e-type=\"widget\" data-widget_type=\"spacer.default\">\n\t\t\t\t<div class=\"elementor-widget-container\">\n\t\t\t\t\t\t\t<div class=\"elementor-spacer\">\n\t\t\t<div class=\"elementor-spacer-inner\"><\/div>\n\t\t<\/div>\n\t\t\t\t\t\t<\/div>\n\t\t\t\t<\/div>\n\t\t\t\t\t<\/div>\n\t\t\t\t<\/div>\n\t\t<div class=\"elementor-element elementor-element-914f223 e-flex e-con-boxed e-con e-parent\" data-id=\"914f223\" data-element_type=\"container\" data-e-type=\"container\">\n\t\t\t\t\t<div class=\"e-con-inner\">\n\t\t\t\t<div class=\"elementor-element elementor-element-c7e0944 elementor-widget elementor-widget-heading\" data-id=\"c7e0944\" data-element_type=\"widget\" data-e-type=\"widget\" data-widget_type=\"heading.default\">\n\t\t\t\t<div class=\"elementor-widget-container\">\n\t\t\t\t\t<h2 class=\"elementor-heading-title elementor-size-default\">Depilaci\u00f3n definitiva<\/h2>\t\t\t\t<\/div>\n\t\t\t\t<\/div>\n\t\t\t\t\t<\/div>\n\t\t\t\t<\/div>\n\t\t<div class=\"elementor-element elementor-element-8ee3fcd e-flex e-con-boxed e-con e-parent\" data-id=\"8ee3fcd\" data-element_type=\"container\" data-e-type=\"container\">\n\t\t\t\t\t<div class=\"e-con-inner\">\n\t\t\t\t<div class=\"elementor-element elementor-element-3af5b94 elementor-widget-divider--view-line elementor-widget elementor-widget-divider\" data-id=\"3af5b94\" data-element_type=\"widget\" data-e-type=\"widget\" data-widget_type=\"divider.default\">\n\t\t\t\t<div class=\"elementor-widget-container\">\n\t\t\t\t\t\t\t<div class=\"elementor-divider\">\n\t\t\t<span class=\"elementor-divider-separator\">\n\t\t\t\t\t\t<\/span>\n\t\t<\/div>\n\t\t\t\t\t\t<\/div>\n\t\t\t\t<\/div>\n\t\t\t\t\t<\/div>\n\t\t\t\t<\/div>\n\t\t<div class=\"elementor-element elementor-element-6dacdda e-flex e-con-boxed elementor-invisible e-con e-parent\" data-id=\"6dacdda\" data-element_type=\"container\" data-e-type=\"container\" data-settings=\"{&quot;animation&quot;:&quot;fadeInUp&quot;}\">\n\t\t\t\t\t<div class=\"e-con-inner\">\n\t\t<div class=\"elementor-element elementor-element-c740f3d e-con-full e-flex e-con e-child\" data-id=\"c740f3d\" data-element_type=\"container\" data-e-type=\"container\">\n\t\t\t\t<div class=\"elementor-element elementor-element-2512a32 elementor-widget elementor-widget-text-editor\" data-id=\"2512a32\" data-element_type=\"widget\" data-e-type=\"widget\" data-widget_type=\"text-editor.default\">\n\t\t\t\t<div class=\"elementor-widget-container\">\n\t\t\t\t\t\t\t\t\t<p>Esta t\u00e9cnica elimina cualquier tipo de vello con independencia del color o grosor. Es preciso un diagn\u00f3stico previo para valorar que sea el tratamiento adecuado.<\/p>\t\t\t\t\t\t\t\t<\/div>\n\t\t\t\t<\/div>\n\t\t\t\t<\/div>\n\t\t\t\t\t<\/div>\n\t\t\t\t<\/div>\n\t\t<div class=\"elementor-element elementor-element-ae0a618 e-flex e-con-boxed e-con e-parent\" data-id=\"ae0a618\" data-element_type=\"container\" data-e-type=\"container\">\n\t\t\t\t\t<div class=\"e-con-inner\">\n\t\t<div class=\"elementor-element elementor-element-828ce34 e-con-full e-flex e-con e-child\" data-id=\"828ce34\" data-element_type=\"container\" data-e-type=\"container\">\n\t\t\t\t<div class=\"elementor-element elementor-element-5ba488a elementor-widget elementor-widget-heading\" data-id=\"5ba488a\" data-element_type=\"widget\" data-e-type=\"widget\" data-widget_type=\"heading.default\">\n\t\t\t\t<div class=\"elementor-widget-container\">\n\t\t\t\t\t<h2 class=\"elementor-heading-title elementor-size-default\">Agenda tu cita ahora<\/h2>\t\t\t\t<\/div>\n\t\t\t\t<\/div>\n\t\t\t\t<div class=\"elementor-element elementor-element-6507f37 elementor-widget elementor-widget-text-editor\" data-id=\"6507f37\" data-element_type=\"widget\" data-e-type=\"widget\" data-widget_type=\"text-editor.default\">\n\t\t\t\t<div class=\"elementor-widget-container\">\n\t\t\t\t\t\t\t\t\t<p style=\"text-align: center;\">Ll\u00e1manos o consulta por una cita en WhatsApp<\/p>\t\t\t\t\t\t\t\t<\/div>\n\t\t\t\t<\/div>\n\t\t\t\t<div class=\"elementor-element elementor-element-7c31b5d elementor-align-center elementor-widget elementor-widget-button\" data-id=\"7c31b5d\" data-element_type=\"widget\" data-e-type=\"widget\" data-widget_type=\"button.default\">\n\t\t\t\t<div class=\"elementor-widget-container\">\n\t\t\t\t\t\t\t\t\t<div class=\"elementor-button-wrapper\">\n\t\t\t\t\t<a class=\"elementor-button elementor-button-link elementor-size-sm\" href=\"https:\/\/api.whatsapp.com\/send\/?phone=34688485992&#038;text&#038;type=phone_number&#038;app_absent=0\" target=\"_blank\">\n\t\t\t\t\t\t<span class=\"elementor-button-content-wrapper\">\n\t\t\t\t\t\t<span class=\"elementor-button-icon\">\n\t\t\t\t<i aria-hidden=\"true\" class=\"jki jki-whatsapp-1-light\"><\/i>\t\t\t<\/span>\n\t\t\t\t\t\t\t\t\t<span class=\"elementor-button-text\">WhatsApp<\/span>\n\t\t\t\t\t<\/span>\n\t\t\t\t\t<\/a>\n\t\t\t\t<\/div>\n\t\t\t\t\t\t\t\t<\/div>\n\t\t\t\t<\/div>\n\t\t\t\t<div class=\"elementor-element elementor-element-d84a349 elementor-align-center elementor-widget elementor-widget-button\" data-id=\"d84a349\" data-element_type=\"widget\" data-e-type=\"widget\" data-widget_type=\"button.default\">\n\t\t\t\t<div class=\"elementor-widget-container\">\n\t\t\t\t\t\t\t\t\t<div class=\"elementor-button-wrapper\">\n\t\t\t\t\t<a class=\"elementor-button elementor-button-link elementor-size-sm\" href=\"tel:944331747\" target=\"_blank\">\n\t\t\t\t\t\t<span class=\"elementor-button-content-wrapper\">\n\t\t\t\t\t\t<span class=\"elementor-button-icon\">\n\t\t\t\t<svg aria-hidden=\"true\" class=\"e-font-icon-svg e-fas-phone-alt\" viewbox=\"0 0 512 512\" xmlns=\"http:\/\/www.w3.org\/2000\/svg\"><path d=\"M497.39 361.8l-112-48a24 24 0 0 0-28 6.9l-49.6 60.6A370.66 370.66 0 0 1 130.6 204.11l60.6-49.6a23.94 23.94 0 0 0 6.9-28l-48-112A24.16 24.16 0 0 0 122.6.61l-104 24A24 24 0 0 0 0 48c0 256.5 207.9 464 464 464a24 24 0 0 0 23.4-18.6l24-104a24.29 24.29 0 0 0-14.01-27.6z\"><\/path><\/svg>\t\t\t<\/span>\n\t\t\t\t\t\t\t\t\t<span class=\"elementor-button-text\">Ll\u00e1manos<\/span>\n\t\t\t\t\t<\/span>\n\t\t\t\t\t<\/a>\n\t\t\t\t<\/div>\n\t\t\t\t\t\t\t\t<\/div>\n\t\t\t\t<\/div>\n\t\t\t\t<\/div>\n\t\t\t\t\t<\/div>\n\t\t\t\t<\/div>\n\t\t<div class=\"elementor-element elementor-element-bf4ac71 e-flex e-con-boxed e-con e-parent\" data-id=\"bf4ac71\" data-element_type=\"container\" data-e-type=\"container\">\n\t\t\t\t\t<div class=\"e-con-inner\">\n\t\t<div class=\"elementor-element elementor-element-c9190d2 e-con-full e-flex e-con e-child\" data-id=\"c9190d2\" data-element_type=\"container\" data-e-type=\"container\">\n\t\t\t\t<div class=\"elementor-element elementor-element-06e2a94 elementor-widget elementor-widget-image\" data-id=\"06e2a94\" data-element_type=\"widget\" data-e-type=\"widget\" data-widget_type=\"image.default\">\n\t\t\t\t<div class=\"elementor-widget-container\">\n\t\t\t\t\t\t\t\t\t\t\t\t<figure class=\"wp-caption\">\n\t\t\t\t\t\t\t\t\t\t\t<a href=\"https:\/\/cristinasantiagocentroestetico.es\/eu\/fotodepilacion\/\">\n\t\t\t\t\t\t\t<img fetchpriority=\"high\" decoding=\"async\" width=\"800\" height=\"534\" src=\"https:\/\/cristinasantiagocentroestetico.es\/wp-content\/uploads\/2023\/12\/laser-depilation-or-photoepilator-process-on-a-woman-leg--1024x683.jpg\" class=\"attachment-large size-large wp-image-3563\" alt=\"Laser depilation or photoepilator process on a woman leg.\" srcset=\"https:\/\/cristinasantiagocentroestetico.es\/wp-content\/uploads\/2023\/12\/laser-depilation-or-photoepilator-process-on-a-woman-leg--1024x683.jpg 1024w, https:\/\/cristinasantiagocentroestetico.es\/wp-content\/uploads\/2023\/12\/laser-depilation-or-photoepilator-process-on-a-woman-leg--600x400.jpg 600w, https:\/\/cristinasantiagocentroestetico.es\/wp-content\/uploads\/2023\/12\/laser-depilation-or-photoepilator-process-on-a-woman-leg--300x200.jpg 300w, https:\/\/cristinasantiagocentroestetico.es\/wp-content\/uploads\/2023\/12\/laser-depilation-or-photoepilator-process-on-a-woman-leg--768x512.jpg 768w, https:\/\/cristinasantiagocentroestetico.es\/wp-content\/uploads\/2023\/12\/laser-depilation-or-photoepilator-process-on-a-woman-leg--1536x1025.jpg 1536w, https:\/\/cristinasantiagocentroestetico.es\/wp-content\/uploads\/2023\/12\/laser-depilation-or-photoepilator-process-on-a-woman-leg--18x12.jpg 18w, https:\/\/cristinasantiagocentroestetico.es\/wp-content\/uploads\/2023\/12\/laser-depilation-or-photoepilator-process-on-a-woman-leg-.jpg 2000w\" sizes=\"(max-width: 800px) 100vw, 800px\" \/>\t\t\t\t\t\t\t\t<\/a>\n\t\t\t\t\t\t\t\t\t\t\t<figcaption class=\"widget-image-caption wp-caption-text\">Fotodepilaci\u00f3n<\/figcaption>\n\t\t\t\t\t\t\t\t\t\t<\/figure>\n\t\t\t\t\t\t\t\t\t<\/div>\n\t\t\t\t<\/div>\n\t\t\t\t<\/div>\n\t\t<div class=\"elementor-element elementor-element-02f410e e-con-full e-flex e-con e-child\" data-id=\"02f410e\" data-element_type=\"container\" data-e-type=\"container\">\n\t\t\t\t<div class=\"elementor-element elementor-element-e8cc7f5 elementor-widget elementor-widget-image\" data-id=\"e8cc7f5\" data-element_type=\"widget\" data-e-type=\"widget\" data-widget_type=\"image.default\">\n\t\t\t\t<div class=\"elementor-widget-container\">\n\t\t\t\t\t\t\t\t\t\t\t\t<figure class=\"wp-caption\">\n\t\t\t\t\t\t\t\t\t\t\t<a href=\"https:\/\/cristinasantiagocentroestetico.es\/eu\/electrodepilacion\/\">\n\t\t\t\t\t\t\t<img decoding=\"async\" width=\"800\" height=\"533\" src=\"https:\/\/cristinasantiagocentroestetico.es\/wp-content\/uploads\/2023\/12\/young-woman-dermatologist-doing-hair-removal-treatment-on-patient-s-face-with-electrolysis-1024x682.jpg\" class=\"attachment-large size-large wp-image-3562\" alt=\"Young woman dermatologist doing hair removal treatment on patient&apos;s face with electrolysis\" srcset=\"https:\/\/cristinasantiagocentroestetico.es\/wp-content\/uploads\/2023\/12\/young-woman-dermatologist-doing-hair-removal-treatment-on-patient-s-face-with-electrolysis-1024x682.jpg 1024w, https:\/\/cristinasantiagocentroestetico.es\/wp-content\/uploads\/2023\/12\/young-woman-dermatologist-doing-hair-removal-treatment-on-patient-s-face-with-electrolysis-600x400.jpg 600w, https:\/\/cristinasantiagocentroestetico.es\/wp-content\/uploads\/2023\/12\/young-woman-dermatologist-doing-hair-removal-treatment-on-patient-s-face-with-electrolysis-300x200.jpg 300w, https:\/\/cristinasantiagocentroestetico.es\/wp-content\/uploads\/2023\/12\/young-woman-dermatologist-doing-hair-removal-treatment-on-patient-s-face-with-electrolysis-768x512.jpg 768w, https:\/\/cristinasantiagocentroestetico.es\/wp-content\/uploads\/2023\/12\/young-woman-dermatologist-doing-hair-removal-treatment-on-patient-s-face-with-electrolysis-1536x1024.jpg 1536w, https:\/\/cristinasantiagocentroestetico.es\/wp-content\/uploads\/2023\/12\/young-woman-dermatologist-doing-hair-removal-treatment-on-patient-s-face-with-electrolysis-18x12.jpg 18w, https:\/\/cristinasantiagocentroestetico.es\/wp-content\/uploads\/2023\/12\/young-woman-dermatologist-doing-hair-removal-treatment-on-patient-s-face-with-electrolysis.jpg 2000w\" sizes=\"(max-width: 800px) 100vw, 800px\" \/>\t\t\t\t\t\t\t\t<\/a>\n\t\t\t\t\t\t\t\t\t\t\t<figcaption class=\"widget-image-caption wp-caption-text\">Electro depilaci\u00f3n<\/figcaption>\n\t\t\t\t\t\t\t\t\t\t<\/figure>\n\t\t\t\t\t\t\t\t\t<\/div>\n\t\t\t\t<\/div>\n\t\t\t\t<\/div>\n\t\t<div class=\"elementor-element elementor-element-eec5caa e-con-full e-flex e-con e-child\" data-id=\"eec5caa\" data-element_type=\"container\" data-e-type=\"container\">\n\t\t\t\t<div class=\"elementor-element elementor-element-27e0baa elementor-widget elementor-widget-image\" data-id=\"27e0baa\" data-element_type=\"widget\" data-e-type=\"widget\" data-widget_type=\"image.default\">\n\t\t\t\t<div class=\"elementor-widget-container\">\n\t\t\t\t\t\t\t\t\t\t\t\t<figure class=\"wp-caption\">\n\t\t\t\t\t\t\t\t\t\t\t<a href=\"https:\/\/cristinasantiagocentroestetico.es\/eu\/electrodepilacion\/\">\n\t\t\t\t\t\t\t<img decoding=\"async\" width=\"768\" height=\"768\" src=\"https:\/\/cristinasantiagocentroestetico.es\/wp-content\/uploads\/2023\/11\/Diseno-sin-titulo-68-768x768.png\" class=\"attachment-medium_large size-medium_large wp-image-1952\" alt=\"\" srcset=\"https:\/\/cristinasantiagocentroestetico.es\/wp-content\/uploads\/2023\/11\/Diseno-sin-titulo-68-768x768.png 768w, https:\/\/cristinasantiagocentroestetico.es\/wp-content\/uploads\/2023\/11\/Diseno-sin-titulo-68-300x300.png 300w, https:\/\/cristinasantiagocentroestetico.es\/wp-content\/uploads\/2023\/11\/Diseno-sin-titulo-68-100x100.png 100w, https:\/\/cristinasantiagocentroestetico.es\/wp-content\/uploads\/2023\/11\/Diseno-sin-titulo-68-600x600.png 600w, https:\/\/cristinasantiagocentroestetico.es\/wp-content\/uploads\/2023\/11\/Diseno-sin-titulo-68-1024x1024.png 1024w, https:\/\/cristinasantiagocentroestetico.es\/wp-content\/uploads\/2023\/11\/Diseno-sin-titulo-68-150x150.png 150w, https:\/\/cristinasantiagocentroestetico.es\/wp-content\/uploads\/2023\/11\/Diseno-sin-titulo-68-12x12.png 12w, https:\/\/cristinasantiagocentroestetico.es\/wp-content\/uploads\/2023\/11\/Diseno-sin-titulo-68.png 1080w\" sizes=\"(max-width: 768px) 100vw, 768px\" \/>\t\t\t\t\t\t\t\t<\/a>\n\t\t\t\t\t\t\t\t\t\t\t<figcaption class=\"widget-image-caption wp-caption-text\">Electro depilaci\u00f3n<\/figcaption>\n\t\t\t\t\t\t\t\t\t\t<\/figure>\n\t\t\t\t\t\t\t\t\t<\/div>\n\t\t\t\t<\/div>\n\t\t\t\t<\/div>\n\t\t\t\t\t<\/div>\n\t\t\t\t<\/div>\n\t\t\t\t<\/div>","protected":false},"excerpt":{"rendered":"<p>Depilaci\u00f3n definitiva Esta t\u00e9cnica elimina cualquier tipo de vello con independencia del color o grosor. Es preciso un diagn\u00f3stico previo para valorar que sea el tratamiento adecuado. Agenda tu cita ahora Ll\u00e1manos o consulta por una cita en WhatsApp WhatsApp Ll\u00e1manos Fotodepilaci\u00f3n Electro depilaci\u00f3n Electro depilaci\u00f3n<\/p>","protected":false},"author":1,"featured_media":38,"parent":0,"menu_order":0,"comment_status":"closed","ping_status":"closed","template":"elementor_canvas","meta":{"footnotes":""},"class_list":["post-945","page","type-page","status-publish","has-post-thumbnail","hentry"],"jetpack_sharing_enabled":true,"_links":{"self":[{"href":"https:\/\/cristinasantiagocentroestetico.es\/eu\/wp-json\/wp\/v2\/pages\/945","targetHints":{"allow":["GET"]}}],"collection":[{"href":"https:\/\/cristinasantiagocentroestetico.es\/eu\/wp-json\/wp\/v2\/pages"}],"about":[{"href":"https:\/\/cristinasantiagocentroestetico.es\/eu\/wp-json\/wp\/v2\/types\/page"}],"author":[{"embeddable":true,"href":"https:\/\/cristinasantiagocentroestetico.es\/eu\/wp-json\/wp\/v2\/users\/1"}],"replies":[{"embeddable":true,"href":"https:\/\/cristinasantiagocentroestetico.es\/eu\/wp-json\/wp\/v2\/comments?post=945"}],"version-history":[{"count":84,"href":"https:\/\/cristinasantiagocentroestetico.es\/eu\/wp-json\/wp\/v2\/pages\/945\/revisions"}],"predecessor-version":[{"id":5327,"href":"https:\/\/cristinasantiagocentroestetico.es\/eu\/wp-json\/wp\/v2\/pages\/945\/revisions\/5327"}],"wp:featuredmedia":[{"embeddable":true,"href":"https:\/\/cristinasantiagocentroestetico.es\/eu\/wp-json\/wp\/v2\/media\/38"}],"wp:attachment":[{"href":"https:\/\/cristinasantiagocentroestetico.es\/eu\/wp-json\/wp\/v2\/media?parent=945"}],"curies":[{"name":"wp","href":"https:\/\/api.w.org\/{rel}","templated":true}]}}