{"id":952,"date":"2023-10-02T14:17:47","date_gmt":"2023-10-02T14:17:47","guid":{"rendered":"https:\/\/web4.rkinformatika.net\/cristinasantiagocentroestetico\/?page_id=952"},"modified":"2023-12-28T12:07:48","modified_gmt":"2023-12-28T12:07:48","slug":"manicura-pedicura","status":"publish","type":"page","link":"https:\/\/cristinasantiagocentroestetico.es\/eu\/manicura-pedicura\/","title":{"rendered":"Manicura y pedicura"},"content":{"rendered":"<div data-elementor-type=\"wp-page\" data-elementor-id=\"952\" class=\"elementor elementor-952\" data-elementor-post-type=\"page\">\n\t\t\t\t\t\t<section class=\"elementor-section elementor-top-section elementor-element elementor-element-b89239a elementor-section-boxed elementor-section-height-default elementor-section-height-default\" data-id=\"b89239a\" data-element_type=\"section\" data-e-type=\"section\" data-settings=\"{&quot;background_background&quot;:&quot;classic&quot;}\">\n\t\t\t\t\t\t\t<div class=\"elementor-background-overlay\"><\/div>\n\t\t\t\t\t\t\t<div class=\"elementor-container elementor-column-gap-default\">\n\t\t\t\t\t<div class=\"elementor-column elementor-col-100 elementor-top-column elementor-element elementor-element-b2f18ac\" data-id=\"b2f18ac\" data-element_type=\"column\" data-e-type=\"column\">\n\t\t\t<div class=\"elementor-widget-wrap\">\n\t\t\t\t\t\t\t<\/div>\n\t\t<\/div>\n\t\t\t\t\t<\/div>\n\t\t<\/section>\n\t\t<div class=\"elementor-element elementor-element-b583cb5 e-flex e-con-boxed e-con e-parent\" data-id=\"b583cb5\" data-element_type=\"container\" data-e-type=\"container\">\n\t\t\t\t\t<div class=\"e-con-inner\">\n\t\t\t\t<div class=\"elementor-element elementor-element-81c46d1 elementor-widget-tablet__width-initial elementor-widget elementor-widget-heading\" data-id=\"81c46d1\" data-element_type=\"widget\" data-e-type=\"widget\" data-widget_type=\"heading.default\">\n\t\t\t\t<div class=\"elementor-widget-container\">\n\t\t\t\t\t<h2 class=\"elementor-heading-title elementor-size-default\">Manicura\/ Pedicura<\/h2>\t\t\t\t<\/div>\n\t\t\t\t<\/div>\n\t\t\t\t\t<\/div>\n\t\t\t\t<\/div>\n\t\t<div class=\"elementor-element elementor-element-5ac5bfc e-flex e-con-boxed elementor-invisible e-con e-parent\" data-id=\"5ac5bfc\" data-element_type=\"container\" data-e-type=\"container\" data-settings=\"{&quot;animation&quot;:&quot;fadeInUp&quot;}\">\n\t\t\t\t\t<div class=\"e-con-inner\">\n\t\t<div class=\"elementor-element elementor-element-2a43832 e-con-full e-flex e-con e-child\" data-id=\"2a43832\" data-element_type=\"container\" data-e-type=\"container\">\n\t\t\t\t<div class=\"elementor-element elementor-element-01a267e elementor-widget elementor-widget-text-editor\" data-id=\"01a267e\" data-element_type=\"widget\" data-e-type=\"widget\" data-widget_type=\"text-editor.default\">\n\t\t\t\t<div class=\"elementor-widget-container\">\n\t\t\t\t\t\t\t\t\t<p>Manicura express, limado, hidrataci\u00f3n y esmaltado. Manicura SPA, tratamiento de cut\u00edculas, limado, esmaltado e hidrataci\u00f3n con nuestro protocolo de masaje.<\/p><p>Manicura SPA con parafina. A\u00f1adimos a los protocolos de manicura SPA: peeling, ba\u00f1o de parafina, hidrataci\u00f3n reparadora espec\u00edfica con nuestro protocolo de masaje y terminamos con el esmaltado.<\/p><p>El esmaltado semipermanente se puede realizar en cualquiera de nuestras manicuras.<\/p><p>Pedicura express, limado, hidrataci\u00f3n y esmaltado. Pedicura SPA, tratamiento de cut\u00edculas, cortar con las correcciones necesarias para evitar y corregir u\u00f1as encarnadas, u\u00f1as engrosadas, eliminaci\u00f3n de durezas y callosidades. Masaje con nuestro protocolo y esmaltado. Pedicura SPA con parafina. A\u00f1adimos a los protocolos de pedicura SPA: peeling, ba\u00f1o de parafina, hidrataci\u00f3n reparadora espec\u00edfico con nuestro protocolo de masaje y terminamos con el esmaltado. Esmaltado semipermanente se pueden realizar en cualquiera de nuestras pedicuras.<\/p>\t\t\t\t\t\t\t\t<\/div>\n\t\t\t\t<\/div>\n\t\t\t\t<\/div>\n\t\t\t\t\t<\/div>\n\t\t\t\t<\/div>\n\t\t<div class=\"elementor-element elementor-element-db7758d e-flex e-con-boxed e-con e-parent\" data-id=\"db7758d\" data-element_type=\"container\" data-e-type=\"container\">\n\t\t\t\t\t<div class=\"e-con-inner\">\n\t\t<div class=\"elementor-element elementor-element-676316d e-con-full e-flex e-con e-child\" data-id=\"676316d\" data-element_type=\"container\" data-e-type=\"container\">\n\t\t\t\t<div class=\"elementor-element elementor-element-7a14de4 elementor-widget elementor-widget-image\" data-id=\"7a14de4\" data-element_type=\"widget\" data-e-type=\"widget\" data-widget_type=\"image.default\">\n\t\t\t\t<div class=\"elementor-widget-container\">\n\t\t\t\t\t\t\t\t\t\t\t\t<figure class=\"wp-caption\">\n\t\t\t\t\t\t\t\t\t\t\t<a href=\"https:\/\/cristinasantiagocentroestetico.es\/eu\/manicura\/\">\n\t\t\t\t\t\t\t<img fetchpriority=\"high\" decoding=\"async\" width=\"2048\" height=\"1366\" src=\"https:\/\/cristinasantiagocentroestetico.es\/wp-content\/uploads\/2023\/10\/set-of-manicure-tools-2048x1366.jpg\" class=\"attachment-2048x2048 size-2048x2048 wp-image-1059\" alt=\"Set of manicure tools\" srcset=\"https:\/\/cristinasantiagocentroestetico.es\/wp-content\/uploads\/2023\/10\/set-of-manicure-tools-2048x1366.jpg 2048w, https:\/\/cristinasantiagocentroestetico.es\/wp-content\/uploads\/2023\/10\/set-of-manicure-tools-scaled-600x400.jpg 600w, https:\/\/cristinasantiagocentroestetico.es\/wp-content\/uploads\/2023\/10\/set-of-manicure-tools-300x200.jpg 300w, https:\/\/cristinasantiagocentroestetico.es\/wp-content\/uploads\/2023\/10\/set-of-manicure-tools-1024x683.jpg 1024w, https:\/\/cristinasantiagocentroestetico.es\/wp-content\/uploads\/2023\/10\/set-of-manicure-tools-768x512.jpg 768w, https:\/\/cristinasantiagocentroestetico.es\/wp-content\/uploads\/2023\/10\/set-of-manicure-tools-1536x1025.jpg 1536w, https:\/\/cristinasantiagocentroestetico.es\/wp-content\/uploads\/2023\/10\/set-of-manicure-tools-18x12.jpg 18w\" sizes=\"(max-width: 2048px) 100vw, 2048px\" \/>\t\t\t\t\t\t\t\t<\/a>\n\t\t\t\t\t\t\t\t\t\t\t<figcaption class=\"widget-image-caption wp-caption-text\">Manicuras<\/figcaption>\n\t\t\t\t\t\t\t\t\t\t<\/figure>\n\t\t\t\t\t\t\t\t\t<\/div>\n\t\t\t\t<\/div>\n\t\t\t\t<\/div>\n\t\t<div class=\"elementor-element elementor-element-2b50678 e-con-full e-flex e-con e-child\" data-id=\"2b50678\" data-element_type=\"container\" data-e-type=\"container\">\n\t\t\t\t<div class=\"elementor-element elementor-element-58f7a6e elementor-widget elementor-widget-image\" data-id=\"58f7a6e\" data-element_type=\"widget\" data-e-type=\"widget\" data-widget_type=\"image.default\">\n\t\t\t\t<div class=\"elementor-widget-container\">\n\t\t\t\t\t\t\t\t\t\t\t\t<figure class=\"wp-caption\">\n\t\t\t\t\t\t\t\t\t\t\t<a href=\"https:\/\/cristinasantiagocentroestetico.es\/eu\/pedicuras\/\">\n\t\t\t\t\t\t\t<img decoding=\"async\" width=\"2048\" height=\"1365\" src=\"https:\/\/cristinasantiagocentroestetico.es\/wp-content\/uploads\/2023\/10\/pedicure-in-beauty-salon-2048x1365.jpg\" class=\"attachment-2048x2048 size-2048x2048 wp-image-1103\" alt=\"Pedicure in beauty salon\" srcset=\"https:\/\/cristinasantiagocentroestetico.es\/wp-content\/uploads\/2023\/10\/pedicure-in-beauty-salon-2048x1365.jpg 2048w, https:\/\/cristinasantiagocentroestetico.es\/wp-content\/uploads\/2023\/10\/pedicure-in-beauty-salon-scaled-600x400.jpg 600w, https:\/\/cristinasantiagocentroestetico.es\/wp-content\/uploads\/2023\/10\/pedicure-in-beauty-salon-300x200.jpg 300w, https:\/\/cristinasantiagocentroestetico.es\/wp-content\/uploads\/2023\/10\/pedicure-in-beauty-salon-1024x683.jpg 1024w, https:\/\/cristinasantiagocentroestetico.es\/wp-content\/uploads\/2023\/10\/pedicure-in-beauty-salon-768x512.jpg 768w, https:\/\/cristinasantiagocentroestetico.es\/wp-content\/uploads\/2023\/10\/pedicure-in-beauty-salon-1536x1024.jpg 1536w, https:\/\/cristinasantiagocentroestetico.es\/wp-content\/uploads\/2023\/10\/pedicure-in-beauty-salon-18x12.jpg 18w\" sizes=\"(max-width: 2048px) 100vw, 2048px\" \/>\t\t\t\t\t\t\t\t<\/a>\n\t\t\t\t\t\t\t\t\t\t\t<figcaption class=\"widget-image-caption wp-caption-text\">Pedicuras<\/figcaption>\n\t\t\t\t\t\t\t\t\t\t<\/figure>\n\t\t\t\t\t\t\t\t\t<\/div>\n\t\t\t\t<\/div>\n\t\t\t\t<\/div>\n\t\t\t\t\t<\/div>\n\t\t\t\t<\/div>\n\t\t\t\t<\/div>","protected":false},"excerpt":{"rendered":"<p>Manicura\/ Pedicura Manicura express, limado, hidrataci\u00f3n y esmaltado. Manicura SPA, tratamiento de cut\u00edculas, limado, esmaltado e hidrataci\u00f3n con nuestro protocolo de masaje. Manicura SPA con parafina. A\u00f1adimos a los protocolos de manicura SPA: peeling, ba\u00f1o de parafina, hidrataci\u00f3n reparadora espec\u00edfica con nuestro protocolo de masaje y terminamos con el esmaltado. El esmaltado semipermanente se puede [&hellip;]<\/p>\n","protected":false},"author":1,"featured_media":38,"parent":0,"menu_order":0,"comment_status":"closed","ping_status":"closed","template":"elementor_canvas","meta":{"footnotes":""},"class_list":["post-952","page","type-page","status-publish","has-post-thumbnail","hentry"],"jetpack_sharing_enabled":true,"_links":{"self":[{"href":"https:\/\/cristinasantiagocentroestetico.es\/eu\/wp-json\/wp\/v2\/pages\/952","targetHints":{"allow":["GET"]}}],"collection":[{"href":"https:\/\/cristinasantiagocentroestetico.es\/eu\/wp-json\/wp\/v2\/pages"}],"about":[{"href":"https:\/\/cristinasantiagocentroestetico.es\/eu\/wp-json\/wp\/v2\/types\/page"}],"author":[{"embeddable":true,"href":"https:\/\/cristinasantiagocentroestetico.es\/eu\/wp-json\/wp\/v2\/users\/1"}],"replies":[{"embeddable":true,"href":"https:\/\/cristinasantiagocentroestetico.es\/eu\/wp-json\/wp\/v2\/comments?post=952"}],"version-history":[{"count":83,"href":"https:\/\/cristinasantiagocentroestetico.es\/eu\/wp-json\/wp\/v2\/pages\/952\/revisions"}],"predecessor-version":[{"id":3690,"href":"https:\/\/cristinasantiagocentroestetico.es\/eu\/wp-json\/wp\/v2\/pages\/952\/revisions\/3690"}],"wp:featuredmedia":[{"embeddable":true,"href":"https:\/\/cristinasantiagocentroestetico.es\/eu\/wp-json\/wp\/v2\/media\/38"}],"wp:attachment":[{"href":"https:\/\/cristinasantiagocentroestetico.es\/eu\/wp-json\/wp\/v2\/media?parent=952"}],"curies":[{"name":"wp","href":"https:\/\/api.w.org\/{rel}","templated":true}]}}